{"id":586,"date":"2021-06-22T13:29:48","date_gmt":"2021-06-22T13:29:48","guid":{"rendered":"https:\/\/bandasendelire.be\/?page_id=586"},"modified":"2025-07-10T15:03:46","modified_gmt":"2025-07-10T15:03:46","slug":"programme-2","status":"publish","type":"page","link":"https:\/\/bandasendelire.be\/?page_id=586","title":{"rendered":"Programme"},"content":{"rendered":"<p>[et_pb_section fb_built=\u00a0\u00bb1&Prime; admin_label=\u00a0\u00bbHero\u00a0\u00bb _builder_version=\u00a0\u00bb4.25.2&Prime; background_color=\u00a0\u00bb#595959&Prime; use_background_color_gradient=\u00a0\u00bbon\u00a0\u00bb background_color_gradient_stops=\u00a0\u00bbrgba(0,0,0,0.5) 0%|rgba(0,0,0,0) 100%\u00a0\u00bb background_color_gradient_overlays_image=\u00a0\u00bbon\u00a0\u00bb background_color_gradient_start=\u00a0\u00bbrgba(0,0,0,0.5)\u00a0\u00bb background_color_gradient_end=\u00a0\u00bbrgba(0,0,0,0)\u00a0\u00bb background_image=\u00a0\u00bbhttps:\/\/bandasendelire.be\/wp-content\/uploads\/2024\/04\/Delirium-Herve-e1713948017883.jpg\u00a0\u00bb custom_margin=\u00a0\u00bb|-58px||||\u00a0\u00bb custom_padding=\u00a0\u00bb57px||57px|200px|true|false\u00a0\u00bb bottom_divider_style=\u00a0\u00bbslant\u00a0\u00bb bottom_divider_color=\u00a0\u00bb#ffffff\u00a0\u00bb bottom_divider_flip=\u00a0\u00bbhorizontal\u00a0\u00bb animation_style=\u00a0\u00bbslide\u00a0\u00bb animation_direction=\u00a0\u00bbtop\u00a0\u00bb animation_intensity_slide=\u00a0\u00bb5%\u00a0\u00bb animation_starting_opacity=\u00a0\u00bb100%\u00a0\u00bb global_colors_info=\u00a0\u00bb{}\u00a0\u00bb][et_pb_row _builder_version=\u00a0\u00bb4.25.2&Prime; background_size=\u00a0\u00bbinitial\u00a0\u00bb background_position=\u00a0\u00bbtop_left\u00a0\u00bb background_repeat=\u00a0\u00bbrepeat\u00a0\u00bb custom_margin=\u00a0\u00bb|||0px|false|false\u00a0\u00bb custom_padding=\u00a0\u00bb27px|0px|0px|0px\u00a0\u00bb global_colors_info=\u00a0\u00bb{}\u00a0\u00bb][et_pb_column type=\u00a0\u00bb4_4&Prime; _builder_version=\u00a0\u00bb4.16&Prime; custom_padding=\u00a0\u00bb|||\u00a0\u00bb global_colors_info=\u00a0\u00bb{}\u00a0\u00bb custom_padding__hover=\u00a0\u00bb|||\u00a0\u00bb][et_pb_text admin_label=\u00a0\u00bbTitle\u00a0\u00bb _builder_version=\u00a0\u00bb4.25.2&Prime; text_font=\u00a0\u00bb||||||||\u00a0\u00bb text_font_size=\u00a0\u00bb1px\u00a0\u00bb header_font=\u00a0\u00bbMontserrat|600|||||||\u00a0\u00bb header_font_size=\u00a0\u00bb80px\u00a0\u00bb header_line_height=\u00a0\u00bb1.2em\u00a0\u00bb background_layout=\u00a0\u00bbdark\u00a0\u00bb width=\u00a0\u00bb100%\u00a0\u00bb max_width=\u00a0\u00bb100%\u00a0\u00bb custom_margin=\u00a0\u00bb|||-65px|false|false\u00a0\u00bb custom_padding=\u00a0\u00bb|||3px|false|false\u00a0\u00bb animation_style=\u00a0\u00bbzoom\u00a0\u00bb animation_direction=\u00a0\u00bbleft\u00a0\u00bb animation_intensity_zoom=\u00a0\u00bb10%\u00a0\u00bb header_font_size_tablet=\u00a0\u00bb\u00a0\u00bb header_font_size_phone=\u00a0\u00bb46px\u00a0\u00bb header_font_size_last_edited=\u00a0\u00bbon|phone\u00a0\u00bb global_colors_info=\u00a0\u00bb{}\u00a0\u00bb]<\/p>\n<h1 style=\"text-align: left;\">JEUDI<\/h1>\n<h1 style=\"text-align: left;\">31 Juillet<\/h1>\n<p>[\/et_pb_text][et_pb_text _builder_version=\u00a0\u00bb4.25.2&Prime; text_font=\u00a0\u00bbMontserrat|300|||||||\u00a0\u00bb text_font_size=\u00a0\u00bb20px\u00a0\u00bb text_line_height=\u00a0\u00bb1.8em\u00a0\u00bb background_layout=\u00a0\u00bbdark\u00a0\u00bb width=\u00a0\u00bb100%\u00a0\u00bb custom_margin=\u00a0\u00bb-52px|||-179px||\u00a0\u00bb animation_style=\u00a0\u00bbzoom\u00a0\u00bb animation_direction=\u00a0\u00bbleft\u00a0\u00bb animation_delay=\u00a0\u00bb100ms\u00a0\u00bb animation_intensity_zoom=\u00a0\u00bb10%\u00a0\u00bb global_colors_info=\u00a0\u00bb{}\u00a0\u00bb]<\/p>\n<p><b>CORRIDA des Bandas<\/b><\/p>\n<p><span style=\"color: #ffffff;\">Jogging \u00e0 travers la commune de Dalhem<\/span><\/p>\n<p><b>CONCERTS<br \/><\/b><span>Les Putchers et Delirium Tremens Band<\/span><\/p>\n<p>[\/et_pb_text][\/et_pb_column][\/et_pb_row][\/et_pb_section][et_pb_section fb_built=\u00a0\u00bb1&Prime; admin_label=\u00a0\u00bbSponsors\u00a0\u00bb _builder_version=\u00a0\u00bb4.25.2&Prime; min_height=\u00a0\u00bb504.7px\u00a0\u00bb custom_margin=\u00a0\u00bb-2px|||||\u00a0\u00bb custom_padding=\u00a0\u00bb54px|0px|41px|58px|false|false\u00a0\u00bb global_colors_info=\u00a0\u00bb{}\u00a0\u00bb][et_pb_row _builder_version=\u00a0\u00bb4.25.2&Prime; module_alignment=\u00a0\u00bbcenter\u00a0\u00bb custom_margin=\u00a0\u00bb-2px|-2px||-2px|false|false\u00a0\u00bb custom_padding=\u00a0\u00bb|||0px|false|false\u00a0\u00bb global_colors_info=\u00a0\u00bb{}\u00a0\u00bb][et_pb_column type=\u00a0\u00bb4_4&Prime; _builder_version=\u00a0\u00bb4.16&Prime; global_colors_info=\u00a0\u00bb{}\u00a0\u00bb][et_pb_image src=\u00a0\u00bbhttps:\/\/bandasendelire.be\/wp-content\/uploads\/2025\/05\/Putchers.jpg\u00a0\u00bb title_text=\u00a0\u00bbPutchers\u00a0\u00bb align=\u00a0\u00bbcenter\u00a0\u00bb _builder_version=\u00a0\u00bb4.25.2&Prime; _module_preset=\u00a0\u00bbdefault\u00a0\u00bb global_colors_info=\u00a0\u00bb{}\u00a0\u00bb][\/et_pb_image][et_pb_text admin_label=\u00a0\u00bbTitle\u00a0\u00bb _builder_version=\u00a0\u00bb4.25.2&Prime; text_font=\u00a0\u00bbMontserrat|300|||||||\u00a0\u00bb text_font_size=\u00a0\u00bb16px\u00a0\u00bb text_line_height=\u00a0\u00bb1.8em\u00a0\u00bb header_font=\u00a0\u00bb||||||||\u00a0\u00bb header_2_font=\u00a0\u00bbMontserrat|500|||||||\u00a0\u00bb header_2_text_align=\u00a0\u00bbcenter\u00a0\u00bb header_2_font_size=\u00a0\u00bb30px\u00a0\u00bb header_2_line_height=\u00a0\u00bb1.4em\u00a0\u00bb text_orientation=\u00a0\u00bbcenter\u00a0\u00bb max_width=\u00a0\u00bb737px\u00a0\u00bb module_alignment=\u00a0\u00bbcenter\u00a0\u00bb custom_margin=\u00a0\u00bb|-73px||||\u00a0\u00bb custom_padding=\u00a0\u00bb|0px||||\u00a0\u00bb animation_direction=\u00a0\u00bbright\u00a0\u00bb global_colors_info=\u00a0\u00bb{}\u00a0\u00bb]<\/p>\n<h1><strong>Jeudi 31 juillet<\/strong><\/h1>\n<p style=\"text-align: justify;\">Pour bien d\u00e9marrer le festival et se mettre en forme, nous avons d\u00e9cid\u00e9 d&rsquo;organiser la <strong>Corrida des Bandas<\/strong> pour l&rsquo;ouverture du festival. Une course \u00e0 pied avec des parcours de 7 et 10 km qui vous feront d\u00e9couvrir notre magnifique commune de Dalhem. Pour le bon d\u00e9roulement de ces deux parcours, nous avons \u00e0 nouveau fait appel aux organisateurs de la Corrida de No\u00ebl de Vis\u00e9, qui rassemblent chaque ann\u00e9e pr\u00e8s de 2000 participants!\u00a0 Le tout \u00e9videmment anim\u00e9 par les groupes de musique pr\u00e9sents.<\/p>\n<p>Pour toute info suppl\u00e9mentaire =&gt; <a href=\"mailto:corrida.vise@gmail.com\">corrida.vise@gmail.com<\/a><\/p>\n<h2><span style=\"text-decoration: underline; color: #00ccff;\"><a href=\"https:\/\/docs.google.com\/forms\/d\/e\/1FAIpQLSfh-4vuz3Q00GDQXSeMAiUXKSch7J8fR1LEs4mf-aHMnfj2dQ\/closedform\" style=\"color: #00ccff; text-decoration: underline;\" target=\"_blank\" rel=\"noopener\">Formulaire d&rsquo;inscription<\/a><\/span><\/h2>\n<p><strong><em>En \u00e9troite collaboration avec le 112, nous vous invitons \u00e0 t\u00e9l\u00e9charger l&rsquo;application 112. Ceci leur permettra de vous localiser facilement au cas o\u00f9.\u00a0<\/em><\/strong><\/p>\n<h1><strong><img loading=\"lazy\" decoding=\"async\" src=\"https:\/\/bandasendelire.be\/wp-content\/uploads\/2025\/06\/112-717x1024.jpg\" width=\"262\" height=\"374\" alt=\"\" class=\"wp-image-1206 aligncenter size-large\" \/><\/strong><\/h1>\n<p><strong><em><\/em><\/strong><\/p>\n<p style=\"text-align: justify;\">Apr\u00e8s une magnifique soir\u00e9e d&rsquo;ouverture pour l&rsquo;\u00e9dition pr\u00e9c\u00e9dente, nous continuons dans cette nouvelle \u00e9dition avec <strong>\u2018\u2019 L\u2019ap\u00e9ro des Bandas\u2019\u2019<\/strong><\/p>\n<p style=\"text-align: justify;\">Comme l&rsquo;ann\u00e9e derni\u00e8re, nous opterons pour le concept du \u00ab <strong>Jeudredi<\/strong>\u00a0\u00bb, bien connu en terre Li\u00e9geoise pour sa convivialit\u00e9 et se mettre en mode \u00ab\u00a0pr\u00e9-weekend\u00a0\u00bb.<\/p>\n<p style=\"text-align: justify;\">A partir de 19h, nos amis <strong>Les Putchers<\/strong>, qui participent pour la troisi\u00e8me fois au festival, ouvriront l\u2019\u00e9dition 2024 et sont tr\u00e8s motiv\u00e9s pour ravir vos oreilles. <span>L<\/span>e\u00a0<strong>Delirium Tremens Band<\/strong>, groupe local et organisateur de l\u2019\u00e9v\u00e8nement, jouera en alternance lors de cette soir\u00e9e d\u2019ouverture qui s\u2019annonce d\u00e9j\u00e0 bien festive !<\/p>\n<p style=\"text-align: left;\">Petite restauration et boissons sont \u00e9videmment au programme !<\/p>\n<p style=\"text-align: left;\">Fin de la soir\u00e9e pr\u00e9vue vers 23h30 et <span style=\"color: #ff9900;\"><strong>l\u2019entr\u00e9e est gratuite\u00a0!<\/strong><\/span><\/p>\n<p>[\/et_pb_text][et_pb_button button_url=\u00a0\u00bbhttp:\/\/www.bandas-dalhem.be\u00a0\u00bb url_new_window=\u00a0\u00bbon\u00a0\u00bb button_text=\u00a0\u00bbPR\u00e9VENTES\u00a0\u00bb button_alignment=\u00a0\u00bbcenter\u00a0\u00bb disabled_on=\u00a0\u00bboff|off|off\u00a0\u00bb _builder_version=\u00a0\u00bb4.24.3&Prime; custom_button=\u00a0\u00bbon\u00a0\u00bb button_text_size=\u00a0\u00bb14px\u00a0\u00bb button_bg_color=\u00a0\u00bb#4866ff\u00a0\u00bb button_bg_use_color_gradient=\u00a0\u00bbon\u00a0\u00bb button_bg_color_gradient_direction=\u00a0\u00bb90deg\u00a0\u00bb button_bg_color_gradient_stops=\u00a0\u00bb#f5903a 0%|#fdbf3d 100%\u00a0\u00bb button_bg_color_gradient_start=\u00a0\u00bb#f5903a\u00a0\u00bb button_bg_color_gradient_end=\u00a0\u00bb#fdbf3d\u00a0\u00bb button_border_width=\u00a0\u00bb0px\u00a0\u00bb button_border_radius=\u00a0\u00bb50px\u00a0\u00bb button_font=\u00a0\u00bbMontserrat|500||on|||||\u00a0\u00bb button_use_icon=\u00a0\u00bboff\u00a0\u00bb background_layout=\u00a0\u00bbdark\u00a0\u00bb custom_padding=\u00a0\u00bb20px|45px|20px|45px\u00a0\u00bb animation_style=\u00a0\u00bbfade\u00a0\u00bb locked=\u00a0\u00bboff\u00a0\u00bb global_colors_info=\u00a0\u00bb{}\u00a0\u00bb button_text_size__hover_enabled=\u00a0\u00bboff\u00a0\u00bb button_one_text_size__hover_enabled=\u00a0\u00bboff\u00a0\u00bb button_two_text_size__hover_enabled=\u00a0\u00bboff\u00a0\u00bb button_text_color__hover_enabled=\u00a0\u00bboff\u00a0\u00bb button_one_text_color__hover_enabled=\u00a0\u00bboff\u00a0\u00bb button_two_text_color__hover_enabled=\u00a0\u00bboff\u00a0\u00bb button_border_width__hover_enabled=\u00a0\u00bboff\u00a0\u00bb button_one_border_width__hover_enabled=\u00a0\u00bboff\u00a0\u00bb button_two_border_width__hover_enabled=\u00a0\u00bboff\u00a0\u00bb button_border_color__hover_enabled=\u00a0\u00bboff\u00a0\u00bb button_one_border_color__hover_enabled=\u00a0\u00bboff\u00a0\u00bb button_two_border_color__hover_enabled=\u00a0\u00bboff\u00a0\u00bb button_border_radius__hover_enabled=\u00a0\u00bboff\u00a0\u00bb button_one_border_radius__hover_enabled=\u00a0\u00bboff\u00a0\u00bb button_two_border_radius__hover_enabled=\u00a0\u00bboff\u00a0\u00bb button_letter_spacing__hover_enabled=\u00a0\u00bboff\u00a0\u00bb button_one_letter_spacing__hover_enabled=\u00a0\u00bboff\u00a0\u00bb button_two_letter_spacing__hover_enabled=\u00a0\u00bboff\u00a0\u00bb button_bg_color__hover_enabled=\u00a0\u00bboff\u00a0\u00bb button_one_bg_color__hover_enabled=\u00a0\u00bboff\u00a0\u00bb button_two_bg_color__hover_enabled=\u00a0\u00bboff\u00a0\u00bb][\/et_pb_button][\/et_pb_column][\/et_pb_row][et_pb_row _builder_version=\u00a0\u00bb4.25.2&Prime; width=\u00a0\u00bb99%\u00a0\u00bb max_width=\u00a0\u00bb2511px\u00a0\u00bb module_alignment=\u00a0\u00bbcenter\u00a0\u00bb custom_margin=\u00a0\u00bb|6px||-7px|false|false\u00a0\u00bb custom_padding=\u00a0\u00bb|60px|||false|false\u00a0\u00bb global_colors_info=\u00a0\u00bb{}\u00a0\u00bb][et_pb_column type=\u00a0\u00bb4_4&Prime; _builder_version=\u00a0\u00bb4.16&Prime; custom_padding=\u00a0\u00bb|||\u00a0\u00bb global_colors_info=\u00a0\u00bb{}\u00a0\u00bb custom_padding__hover=\u00a0\u00bb|||\u00a0\u00bb][et_pb_text admin_label=\u00a0\u00bbTitle\u00a0\u00bb _builder_version=\u00a0\u00bb4.25.2&Prime; text_font=\u00a0\u00bb||||||||\u00a0\u00bb header_font=\u00a0\u00bb||||||||\u00a0\u00bb header_2_font=\u00a0\u00bbMontserrat|500|||||||\u00a0\u00bb header_2_text_align=\u00a0\u00bbcenter\u00a0\u00bb header_2_font_size=\u00a0\u00bb30px\u00a0\u00bb header_2_line_height=\u00a0\u00bb1.4em\u00a0\u00bb module_alignment=\u00a0\u00bbcenter\u00a0\u00bb custom_margin=\u00a0\u00bb||0px||false|false\u00a0\u00bb animation_style=\u00a0\u00bbfade\u00a0\u00bb global_colors_info=\u00a0\u00bb{}\u00a0\u00bb]<\/p>\n<h2><strong>Horaires<\/strong><\/h2>\n<p>[\/et_pb_text][et_pb_text admin_label=\u00a0\u00bbSubtitle\u00a0\u00bb _builder_version=\u00a0\u00bb4.25.2&Prime; text_font=\u00a0\u00bbMontserrat|500||on|||||\u00a0\u00bb text_text_color=\u00a0\u00bbrgba(0,0,0,0.25)\u00a0\u00bb text_orientation=\u00a0\u00bbcenter\u00a0\u00bb animation_style=\u00a0\u00bbfade\u00a0\u00bb global_colors_info=\u00a0\u00bb{}\u00a0\u00bb]<\/p>\n<p>Jeudi 31\/07<\/p>\n<p>[\/et_pb_text][\/et_pb_column][\/et_pb_row][et_pb_row _builder_version=\u00a0\u00bb4.16&Prime; custom_margin=\u00a0\u00bb18px|auto||auto||\u00a0\u00bb global_colors_info=\u00a0\u00bb{}\u00a0\u00bb][et_pb_column type=\u00a0\u00bb4_4&Prime; _builder_version=\u00a0\u00bb4.16&Prime; custom_padding=\u00a0\u00bb|||\u00a0\u00bb global_colors_info=\u00a0\u00bb{}\u00a0\u00bb custom_padding__hover=\u00a0\u00bb|||\u00a0\u00bb][et_pb_blurb title=\u00a0\u00bb19h00&Prime; use_icon=\u00a0\u00bbon\u00a0\u00bb font_icon=\u00a0\u00bb&#x39;||divi||400&Prime; icon_color=\u00a0\u00bb#3d8eff\u00a0\u00bb icon_placement=\u00a0\u00bbleft\u00a0\u00bb _builder_version=\u00a0\u00bb4.25.2&Prime; header_font=\u00a0\u00bbMontserrat|500|||||||\u00a0\u00bb header_line_height=\u00a0\u00bb1.8em\u00a0\u00bb body_font=\u00a0\u00bbMontserrat|300|||||||\u00a0\u00bb body_font_size=\u00a0\u00bb17px\u00a0\u00bb body_line_height=\u00a0\u00bb1.8em\u00a0\u00bb animation_style=\u00a0\u00bbfade\u00a0\u00bb border_color_all_image=\u00a0\u00bb#\u00a0\u00bb global_colors_info=\u00a0\u00bb{}\u00a0\u00bb]<\/p>\n<p>Corrida des Bandas<\/p>\n<p>[\/et_pb_blurb][et_pb_blurb title=\u00a0\u00bb19h00&Prime; use_icon=\u00a0\u00bbon\u00a0\u00bb font_icon=\u00a0\u00bb&#x39;||divi||400&Prime; icon_color=\u00a0\u00bb#3d8eff\u00a0\u00bb icon_placement=\u00a0\u00bbleft\u00a0\u00bb _builder_version=\u00a0\u00bb4.25.2&Prime; header_font=\u00a0\u00bbMontserrat|500|||||||\u00a0\u00bb header_line_height=\u00a0\u00bb1.8em\u00a0\u00bb body_font=\u00a0\u00bbMontserrat|300|||||||\u00a0\u00bb body_font_size=\u00a0\u00bb17px\u00a0\u00bb body_line_height=\u00a0\u00bb1.8em\u00a0\u00bb animation_style=\u00a0\u00bbfade\u00a0\u00bb border_color_all_image=\u00a0\u00bb#\u00a0\u00bb global_colors_info=\u00a0\u00bb{}\u00a0\u00bb]<\/p>\n<p><span style=\"text-decoration: underline; color: #808080;\"><\/span><span style=\"color: #333333;\">L&rsquo;ap\u00e9ro et la Corrida des Bandas seront anim\u00e9s par<\/span><\/p>\n<p><a href=\"https:\/\/www.facebook.com\/lesinsupp\"><strong><\/strong><\/a><a href=\"https:\/\/www.facebook.com\/banda.putchers\"><span style=\"color: #3366ff;\"><strong>Les Putchers<\/strong><\/span><\/a> et <a href=\"https:\/\/www.facebook.com\/DTB.Dalhem\"><span style=\"color: #3366ff;\"><strong>Delirium Tremens Band\u00a0<\/strong><\/span><\/a><\/p>\n<p>[\/et_pb_blurb][et_pb_blurb title=\u00a0\u00bb23h30&Prime; use_icon=\u00a0\u00bbon\u00a0\u00bb font_icon=\u00a0\u00bb&#x39;||divi||400&Prime; icon_color=\u00a0\u00bb#3d8eff\u00a0\u00bb icon_placement=\u00a0\u00bbleft\u00a0\u00bb _builder_version=\u00a0\u00bb4.25.2&Prime; header_font=\u00a0\u00bbMontserrat|500|||||||\u00a0\u00bb header_line_height=\u00a0\u00bb1.8em\u00a0\u00bb body_font=\u00a0\u00bbMontserrat|300|||||||\u00a0\u00bb body_font_size=\u00a0\u00bb17px\u00a0\u00bb body_line_height=\u00a0\u00bb1.8em\u00a0\u00bb min_height=\u00a0\u00bb90px\u00a0\u00bb custom_margin=\u00a0\u00bb||82px|||\u00a0\u00bb animation_style=\u00a0\u00bbfade\u00a0\u00bb border_color_all_image=\u00a0\u00bb#\u00a0\u00bb global_colors_info=\u00a0\u00bb{}\u00a0\u00bb]<\/p>\n<p class=\"p1\"><b>Fin de soir\u00e9e<\/b><\/p>\n<p>[\/et_pb_blurb][\/et_pb_column][\/et_pb_row][\/et_pb_section][et_pb_section fb_built=\u00a0\u00bb1&Prime; prev_background_color=\u00a0\u00bb#ffffff\u00a0\u00bb admin_label=\u00a0\u00bbHero\u00a0\u00bb module_id=\u00a0\u00bbsamedi\u00a0\u00bb _builder_version=\u00a0\u00bb4.25.2&Prime; background_image=\u00a0\u00bbhttps:\/\/bandasendelire.be\/wp-content\/uploads\/2025\/05\/Big-Fiesta.jpg\u00a0\u00bb background_size=\u00a0\u00bbcustom\u00a0\u00bb background_position=\u00a0\u00bbtop_center\u00a0\u00bb background_vertical_offset=\u00a0\u00bb21%\u00a0\u00bb width=\u00a0\u00bb100%\u00a0\u00bb max_width=\u00a0\u00bb100%\u00a0\u00bb module_alignment=\u00a0\u00bbcenter\u00a0\u00bb min_height=\u00a0\u00bb706px\u00a0\u00bb height=\u00a0\u00bb100px\u00a0\u00bb max_height=\u00a0\u00bb100px\u00a0\u00bb custom_margin=\u00a0\u00bb|0px|||false|false\u00a0\u00bb custom_padding=\u00a0\u00bb|0px||0px|false|false\u00a0\u00bb top_divider_style=\u00a0\u00bbslant2&Prime; top_divider_height=\u00a0\u00bb44px\u00a0\u00bb top_divider_repeat=\u00a0\u00bb1x\u00a0\u00bb top_divider_flip=\u00a0\u00bbvertical|horizontal\u00a0\u00bb top_divider_arrangement=\u00a0\u00bbabove_content\u00a0\u00bb bottom_divider_style=\u00a0\u00bbarrow3&Prime; bottom_divider_color=\u00a0\u00bb#ffffff\u00a0\u00bb bottom_divider_flip=\u00a0\u00bbhorizontal\u00a0\u00bb animation_style=\u00a0\u00bbslide\u00a0\u00bb animation_direction=\u00a0\u00bbtop\u00a0\u00bb animation_intensity_slide=\u00a0\u00bb5%\u00a0\u00bb animation_starting_opacity=\u00a0\u00bb100%\u00a0\u00bb global_colors_info=\u00a0\u00bb{}\u00a0\u00bb][et_pb_row _builder_version=\u00a0\u00bb4.16&Prime; background_size=\u00a0\u00bbinitial\u00a0\u00bb background_position=\u00a0\u00bbtop_left\u00a0\u00bb background_repeat=\u00a0\u00bbrepeat\u00a0\u00bb width=\u00a0\u00bb83.4%\u00a0\u00bb custom_margin=\u00a0\u00bb134px|39px||auto||\u00a0\u00bb custom_padding=\u00a0\u00bb27px|0px|0px|0px\u00a0\u00bb global_colors_info=\u00a0\u00bb{}\u00a0\u00bb][et_pb_column type=\u00a0\u00bb4_4&Prime; _builder_version=\u00a0\u00bb4.16&Prime; custom_padding=\u00a0\u00bb|||\u00a0\u00bb global_colors_info=\u00a0\u00bb{}\u00a0\u00bb custom_padding__hover=\u00a0\u00bb|||\u00a0\u00bb][et_pb_text admin_label=\u00a0\u00bbTitle\u00a0\u00bb _builder_version=\u00a0\u00bb4.25.2&Prime; text_font=\u00a0\u00bb||||||||\u00a0\u00bb header_font=\u00a0\u00bbMontserrat|600|||||||\u00a0\u00bb header_font_size=\u00a0\u00bb80px\u00a0\u00bb header_line_height=\u00a0\u00bb1.2em\u00a0\u00bb background_layout=\u00a0\u00bbdark\u00a0\u00bb width=\u00a0\u00bb95.3%\u00a0\u00bb custom_padding=\u00a0\u00bb|||0px||\u00a0\u00bb animation_style=\u00a0\u00bbzoom\u00a0\u00bb animation_direction=\u00a0\u00bbleft\u00a0\u00bb animation_intensity_zoom=\u00a0\u00bb10%\u00a0\u00bb header_font_size_tablet=\u00a0\u00bb\u00a0\u00bb header_font_size_phone=\u00a0\u00bb72px\u00a0\u00bb header_font_size_last_edited=\u00a0\u00bbon|phone\u00a0\u00bb global_colors_info=\u00a0\u00bb{}\u00a0\u00bb]<\/p>\n<h1><span style=\"font-size: xx-large;\">VENDREDI 1 AO\u00dbT<\/span><\/h1>\n<p>[\/et_pb_text][et_pb_text _builder_version=\u00a0\u00bb4.25.2&Prime; text_font=\u00a0\u00bbMontserrat|300|||||||\u00a0\u00bb text_font_size=\u00a0\u00bb20px\u00a0\u00bb text_line_height=\u00a0\u00bb1.8em\u00a0\u00bb background_layout=\u00a0\u00bbdark\u00a0\u00bb width=\u00a0\u00bb65.3%\u00a0\u00bb module_alignment=\u00a0\u00bbcenter\u00a0\u00bb min_height=\u00a0\u00bb392px\u00a0\u00bb custom_margin=\u00a0\u00bb-178px|173px|13px|-275px|false|false\u00a0\u00bb custom_padding=\u00a0\u00bb359px||0px|0px|false|false\u00a0\u00bb animation_style=\u00a0\u00bbzoom\u00a0\u00bb animation_direction=\u00a0\u00bbleft\u00a0\u00bb animation_delay=\u00a0\u00bb100ms\u00a0\u00bb animation_intensity_zoom=\u00a0\u00bb10%\u00a0\u00bb global_colors_info=\u00a0\u00bb{}\u00a0\u00bb]<\/p>\n<p><strong><span style=\"color: #000080;\">CONCERTS ET SOIREE<br \/>Supersonic Fanfare, Delirium Tremens Band, Les Mineux d&rsquo;Aredje, Big Fiesta et DJ Mimo<\/span><\/strong><\/p>\n<p>[\/et_pb_text][\/et_pb_column][\/et_pb_row][\/et_pb_section][et_pb_section fb_built=\u00a0\u00bb1&Prime; _builder_version=\u00a0\u00bb4.25.2&Prime; _module_preset=\u00a0\u00bbdefault\u00a0\u00bb width=\u00a0\u00bb100%\u00a0\u00bb max_width=\u00a0\u00bb100%\u00a0\u00bb custom_margin=\u00a0\u00bb|||-67px|false|false\u00a0\u00bb custom_padding=\u00a0\u00bb|||2px|false|false\u00a0\u00bb global_colors_info=\u00a0\u00bb{}\u00a0\u00bb][et_pb_row _builder_version=\u00a0\u00bb4.25.2&Prime; _module_preset=\u00a0\u00bbdefault\u00a0\u00bb width=\u00a0\u00bb100%\u00a0\u00bb max_width=\u00a0\u00bb1485px\u00a0\u00bb module_alignment=\u00a0\u00bbcenter\u00a0\u00bb custom_margin=\u00a0\u00bb|0px||0px|false|false\u00a0\u00bb custom_padding=\u00a0\u00bb|0px||0px|false|false\u00a0\u00bb global_colors_info=\u00a0\u00bb{}\u00a0\u00bb][et_pb_column type=\u00a0\u00bb4_4&Prime; _builder_version=\u00a0\u00bb4.25.2&Prime; _module_preset=\u00a0\u00bbdefault\u00a0\u00bb vertical_offset=\u00a0\u00bb3px\u00a0\u00bb horizontal_offset=\u00a0\u00bb131px\u00a0\u00bb custom_padding=\u00a0\u00bb||1px||false|false\u00a0\u00bb global_colors_info=\u00a0\u00bb{}\u00a0\u00bb][et_pb_gallery gallery_ids=\u00a0\u00bb1211,1096,1097&Prime; posts_number=\u00a0\u00bb3&Prime; _builder_version=\u00a0\u00bb4.25.2&Prime; _module_preset=\u00a0\u00bbdefault\u00a0\u00bb text_orientation=\u00a0\u00bbcenter\u00a0\u00bb width=\u00a0\u00bb100%\u00a0\u00bb module_alignment=\u00a0\u00bbcenter\u00a0\u00bb custom_margin=\u00a0\u00bb|-11px||0px|false|false\u00a0\u00bb custom_padding=\u00a0\u00bb||0px|0px|false|false\u00a0\u00bb box_shadow_style_image=\u00a0\u00bbpreset2&Prime; global_colors_info=\u00a0\u00bb{}\u00a0\u00bb][\/et_pb_gallery][\/et_pb_column][\/et_pb_row][\/et_pb_section][et_pb_section fb_built=\u00a0\u00bb1&Prime; _builder_version=\u00a0\u00bb4.25.2&Prime; _module_preset=\u00a0\u00bbdefault\u00a0\u00bb min_height=\u00a0\u00bb1330.8px\u00a0\u00bb custom_margin=\u00a0\u00bb|-48px|1px|0px|false|false\u00a0\u00bb custom_padding=\u00a0\u00bb|48px||49px|false|false\u00a0\u00bb global_colors_info=\u00a0\u00bb{}\u00a0\u00bb][et_pb_row _builder_version=\u00a0\u00bb4.25.2&Prime; width=\u00a0\u00bb100%\u00a0\u00bb max_width=\u00a0\u00bb2560px\u00a0\u00bb module_alignment=\u00a0\u00bbcenter\u00a0\u00bb custom_margin=\u00a0\u00bb|auto||auto|false|false\u00a0\u00bb custom_margin_tablet=\u00a0\u00bb|||0px|false|false\u00a0\u00bb custom_margin_phone=\u00a0\u00bb|||0px|false|false\u00a0\u00bb custom_margin_last_edited=\u00a0\u00bbon|tablet\u00a0\u00bb custom_padding=\u00a0\u00bb|32px||0px|false|false\u00a0\u00bb module_alignment_tablet=\u00a0\u00bbcenter\u00a0\u00bb module_alignment_phone=\u00a0\u00bbcenter\u00a0\u00bb module_alignment_last_edited=\u00a0\u00bbon|tablet\u00a0\u00bb global_colors_info=\u00a0\u00bb{}\u00a0\u00bb][et_pb_column type=\u00a0\u00bb4_4&Prime; _builder_version=\u00a0\u00bb4.16&Prime; global_colors_info=\u00a0\u00bb{}\u00a0\u00bb][et_pb_text admin_label=\u00a0\u00bbTitle\u00a0\u00bb _builder_version=\u00a0\u00bb4.25.2&Prime; text_font=\u00a0\u00bbMontserrat|300|||||||\u00a0\u00bb text_font_size=\u00a0\u00bb16px\u00a0\u00bb text_line_height=\u00a0\u00bb1.8em\u00a0\u00bb header_font=\u00a0\u00bb||||||||\u00a0\u00bb header_2_font=\u00a0\u00bbMontserrat|500|||||||\u00a0\u00bb header_2_text_align=\u00a0\u00bbcenter\u00a0\u00bb header_2_font_size=\u00a0\u00bb30px\u00a0\u00bb header_2_line_height=\u00a0\u00bb1.4em\u00a0\u00bb text_orientation=\u00a0\u00bbcenter\u00a0\u00bb max_width=\u00a0\u00bb724px\u00a0\u00bb module_alignment=\u00a0\u00bbcenter\u00a0\u00bb custom_margin=\u00a0\u00bb|134px||||\u00a0\u00bb custom_padding=\u00a0\u00bb|9px||||\u00a0\u00bb animation_direction=\u00a0\u00bbright\u00a0\u00bb global_colors_info=\u00a0\u00bb{}\u00a0\u00bb]<\/p>\n<h1><strong>Vendredi 1 ao\u00fbt<\/strong><\/h1>\n<p><strong><\/strong><\/p>\n<p style=\"text-align: justify;\">Cette ann\u00e9e nous red\u00e9marrons les festivit\u00e9s du vendredi avec <strong>Supersonic Fanfare. <\/strong>Cet \u00e9quipage compos\u00e9 d\u2019une douzaine de pilotes de chasse toulousains survolt\u00e9s fait escale, pour la premi\u00e8re fois, \u00e0 Dalhem cette ann\u00e9e ! Accoutr\u00e9s de leurs combinaisons de pilotes toujours aussi vintage, leur plan de vol se compose d\u2019un r\u00e9pertoire musical toujours plus riche allant de Bruno Mars \u00e0 Daft Punk, en passant par Avicii et Billie Eilish sans oublier les rythmes endiabl\u00e9s de fanfares am\u00e9ricaines comme Youngblood Brass Band et Lucky Chops ainsi que de quelques surprises ! Leur destination ? Une ambiance endiabl\u00e9e, un spectacle \u00e9nergique et participatif ! Alors, attachez vos ceintures pour franchir le mur du son avec Supersonic Fanfare ! Rendez-vous les 1, 2 et 3 ao\u00fbt \u00e0 Dalhem !<\/p>\n<p style=\"text-align: justify;\">En alternance avec le <strong>Delirium Tremens Band<\/strong>, ils animeront l\u2019ap\u00e9ro avant de laisser place \u00e0 la sc\u00e8ne avec <strong>Les Mineux d&rsquo;Aredje<\/strong>, <span>Street band venant du toit de la Belgique, seront pr\u00e9sents le vendredi sur la sc\u00e8ne, avec de la nouveaut\u00e9 et \u00e9videmment l&rsquo;\u00e9nergie d\u00e9bordante et communicative qui leur est propre ! Compos\u00e9 d&rsquo;une quinzaine de musiciens, ce groupe au r\u00e9pertoire vari\u00e9 saura vous faire bouger, chanter et danser comme eux seuls en ont le secret ! A retrouver le samedi 02 ao\u00fbt au d\u00e9tour d&rsquo;une rue, au coin d&rsquo;un bar,\u00a0 ou dans la plaine !<\/span><\/p>\n<p style=\"text-align: justify;\">Suivi du groupe qui fait sa premi\u00e8re apparition au festival\u00a0 :\u00a0 <strong>Big Fiesta<\/strong> !!!!!<\/p>\n<p style=\"text-align: justify;\">Big Fiesta est un groupe de reprises 100% festives. De Goldman \u00e0 Claude Fran\u00e7ois en passant par Magic System ou la Compagnie cr\u00e9ole, le groupe se balade dans le r\u00e9pertoire de la vari\u00e9t\u00e9 fran\u00e7ais entra\u00eenant le public dans une \u00e9norme f\u00eate.<\/p>\n<p style=\"text-align: justify;\">Avec Big Fiesta, le public est plong\u00e9 dans un ambiance festive : \u00e7a chante, \u00e7a danse, \u00e7a emporte. Vous allez passer un excellent moment festif !<\/p>\n<p style=\"text-align: justify;\">Ensuite c&rsquo;est \u00e0 <strong>DJ Mimo<\/strong> de prendre le relais. Un habitu\u00e9 du festival et bien connu dans la r\u00e9gion, pour mettre l&rsquo;ambiance \u00e0 sa sauce ! Il se mettra aux platines pour vous faire danser jusqu\u2019au bout de la nuit.<\/p>\n<p style=\"text-align: justify;\">Petite restauration et boissons sont \u00e9videmment au programme !<\/p>\n<p style=\"text-align: justify;\">Bref, tout pour passer une excellente soir\u00e9e !<\/p>\n<p style=\"text-align: justify;\">Fin de la soir\u00e9e pr\u00e9vue vers 2h30<\/p>\n<p style=\"text-align: justify;\"><span><b><\/b><\/span><\/p>\n<p>&nbsp;<\/p>\n<p>[\/et_pb_text][et_pb_button button_url=\u00a0\u00bbhttp:\/\/www.bandas-dalhem.be\u00a0\u00bb url_new_window=\u00a0\u00bbon\u00a0\u00bb button_text=\u00a0\u00bbPR\u00e9VENTES\u00a0\u00bb button_alignment=\u00a0\u00bbcenter\u00a0\u00bb disabled_on=\u00a0\u00bboff|off|off\u00a0\u00bb _builder_version=\u00a0\u00bb4.24.3&Prime; custom_button=\u00a0\u00bbon\u00a0\u00bb button_text_size=\u00a0\u00bb14px\u00a0\u00bb button_bg_color=\u00a0\u00bb#4866ff\u00a0\u00bb button_bg_use_color_gradient=\u00a0\u00bbon\u00a0\u00bb button_bg_color_gradient_direction=\u00a0\u00bb90deg\u00a0\u00bb button_bg_color_gradient_stops=\u00a0\u00bb#f5903a 0%|#fdbf3d 100%\u00a0\u00bb button_bg_color_gradient_start=\u00a0\u00bb#f5903a\u00a0\u00bb button_bg_color_gradient_end=\u00a0\u00bb#fdbf3d\u00a0\u00bb button_border_width=\u00a0\u00bb0px\u00a0\u00bb button_border_radius=\u00a0\u00bb50px\u00a0\u00bb button_font=\u00a0\u00bbMontserrat|500||on|||||\u00a0\u00bb button_use_icon=\u00a0\u00bboff\u00a0\u00bb background_layout=\u00a0\u00bbdark\u00a0\u00bb custom_padding=\u00a0\u00bb20px|45px|20px|45px\u00a0\u00bb animation_style=\u00a0\u00bbfade\u00a0\u00bb locked=\u00a0\u00bboff\u00a0\u00bb global_colors_info=\u00a0\u00bb{}\u00a0\u00bb button_text_size__hover_enabled=\u00a0\u00bboff\u00a0\u00bb button_one_text_size__hover_enabled=\u00a0\u00bboff\u00a0\u00bb button_two_text_size__hover_enabled=\u00a0\u00bboff\u00a0\u00bb button_text_color__hover_enabled=\u00a0\u00bboff\u00a0\u00bb button_one_text_color__hover_enabled=\u00a0\u00bboff\u00a0\u00bb button_two_text_color__hover_enabled=\u00a0\u00bboff\u00a0\u00bb button_border_width__hover_enabled=\u00a0\u00bboff\u00a0\u00bb button_one_border_width__hover_enabled=\u00a0\u00bboff\u00a0\u00bb button_two_border_width__hover_enabled=\u00a0\u00bboff\u00a0\u00bb button_border_color__hover_enabled=\u00a0\u00bboff\u00a0\u00bb button_one_border_color__hover_enabled=\u00a0\u00bboff\u00a0\u00bb button_two_border_color__hover_enabled=\u00a0\u00bboff\u00a0\u00bb button_border_radius__hover_enabled=\u00a0\u00bboff\u00a0\u00bb button_one_border_radius__hover_enabled=\u00a0\u00bboff\u00a0\u00bb button_two_border_radius__hover_enabled=\u00a0\u00bboff\u00a0\u00bb button_letter_spacing__hover_enabled=\u00a0\u00bboff\u00a0\u00bb button_one_letter_spacing__hover_enabled=\u00a0\u00bboff\u00a0\u00bb button_two_letter_spacing__hover_enabled=\u00a0\u00bboff\u00a0\u00bb button_bg_color__hover_enabled=\u00a0\u00bboff\u00a0\u00bb button_one_bg_color__hover_enabled=\u00a0\u00bboff\u00a0\u00bb button_two_bg_color__hover_enabled=\u00a0\u00bboff\u00a0\u00bb][\/et_pb_button][et_pb_text admin_label=\u00a0\u00bbTitle\u00a0\u00bb _builder_version=\u00a0\u00bb4.16&Prime; text_font=\u00a0\u00bb||||||||\u00a0\u00bb header_font=\u00a0\u00bb||||||||\u00a0\u00bb header_2_font=\u00a0\u00bbMontserrat|500|||||||\u00a0\u00bb header_2_text_align=\u00a0\u00bbcenter\u00a0\u00bb header_2_font_size=\u00a0\u00bb30px\u00a0\u00bb header_2_line_height=\u00a0\u00bb1.4em\u00a0\u00bb custom_margin=\u00a0\u00bb||-2px|||\u00a0\u00bb animation_style=\u00a0\u00bbfade\u00a0\u00bb global_colors_info=\u00a0\u00bb{}\u00a0\u00bb]<\/p>\n<h2><strong>Horaires<\/strong><\/h2>\n<p>[\/et_pb_text][et_pb_text admin_label=\u00a0\u00bbSubtitle\u00a0\u00bb _builder_version=\u00a0\u00bb4.25.2&Prime; text_font=\u00a0\u00bbMontserrat|500||on|||||\u00a0\u00bb text_text_color=\u00a0\u00bbrgba(0,0,0,0.25)\u00a0\u00bb text_orientation=\u00a0\u00bbcenter\u00a0\u00bb animation_style=\u00a0\u00bbfade\u00a0\u00bb global_colors_info=\u00a0\u00bb{}\u00a0\u00bb]<\/p>\n<p>Vendredi 01\/08<\/p>\n<p>[\/et_pb_text][\/et_pb_column][\/et_pb_row][et_pb_row _builder_version=\u00a0\u00bb4.25.2&Prime; _module_preset=\u00a0\u00bbdefault\u00a0\u00bb custom_padding=\u00a0\u00bb|||19px|false|false\u00a0\u00bb global_colors_info=\u00a0\u00bb{}\u00a0\u00bb][et_pb_column type=\u00a0\u00bb4_4&Prime; _builder_version=\u00a0\u00bb4.17.4&Prime; _module_preset=\u00a0\u00bbdefault\u00a0\u00bb global_colors_info=\u00a0\u00bb{}\u00a0\u00bb][et_pb_blurb title=\u00a0\u00bb19h00&Prime; use_icon=\u00a0\u00bbon\u00a0\u00bb font_icon=\u00a0\u00bb&#x39;||divi||400&Prime; icon_color=\u00a0\u00bb#3d8eff\u00a0\u00bb icon_placement=\u00a0\u00bbleft\u00a0\u00bb _builder_version=\u00a0\u00bb4.25.2&Prime; header_font=\u00a0\u00bbMontserrat|500|||||||\u00a0\u00bb header_line_height=\u00a0\u00bb1.8em\u00a0\u00bb body_font=\u00a0\u00bbMontserrat|300|||||||\u00a0\u00bb body_font_size=\u00a0\u00bb17px\u00a0\u00bb body_line_height=\u00a0\u00bb1.8em\u00a0\u00bb animation_style=\u00a0\u00bbfade\u00a0\u00bb border_color_all_image=\u00a0\u00bb#\u00a0\u00bb global_colors_info=\u00a0\u00bb{}\u00a0\u00bb]<\/p>\n<p><span style=\"color: #3366ff;\"><strong><a href=\"https:\/\/www.facebook.com\/Supersonicfanfare\" style=\"color: #3366ff;\">Supersonic Fanfare<\/a><\/strong> et\u00a0 <a href=\"https:\/\/www.facebook.com\/DTB.Dalhem\" style=\"color: #3366ff;\"><strong>Delirium Tremens Band<\/strong><\/a>\u00a0<\/span><\/p>\n<p>[\/et_pb_blurb][et_pb_blurb title=\u00a0\u00bb21h00&Prime; use_icon=\u00a0\u00bbon\u00a0\u00bb font_icon=\u00a0\u00bb&#x39;||divi||400&Prime; icon_color=\u00a0\u00bb#3d8eff\u00a0\u00bb icon_placement=\u00a0\u00bbleft\u00a0\u00bb _builder_version=\u00a0\u00bb4.25.2&Prime; header_font=\u00a0\u00bbMontserrat|500|||||||\u00a0\u00bb header_line_height=\u00a0\u00bb1.8em\u00a0\u00bb body_font=\u00a0\u00bbMontserrat|300|||||||\u00a0\u00bb body_font_size=\u00a0\u00bb17px\u00a0\u00bb body_line_height=\u00a0\u00bb1.8em\u00a0\u00bb animation_style=\u00a0\u00bbfade\u00a0\u00bb border_color_all_image=\u00a0\u00bb#\u00a0\u00bb global_colors_info=\u00a0\u00bb{}\u00a0\u00bb]<\/p>\n<p><strong><a href=\"https:\/\/www.facebook.com\/profile.php?id=100063501851395\"><span style=\"color: #3366ff;\">Les Mineux d&rsquo;Aredje<\/span><\/a><\/strong><\/p>\n<p>[\/et_pb_blurb][et_pb_blurb title=\u00a0\u00bb22h15&Prime; use_icon=\u00a0\u00bbon\u00a0\u00bb font_icon=\u00a0\u00bb&#x39;||divi||400&Prime; icon_color=\u00a0\u00bb#3d8eff\u00a0\u00bb icon_placement=\u00a0\u00bbleft\u00a0\u00bb _builder_version=\u00a0\u00bb4.25.2&Prime; header_font=\u00a0\u00bbMontserrat|500|||||||\u00a0\u00bb header_line_height=\u00a0\u00bb1.8em\u00a0\u00bb body_font=\u00a0\u00bbMontserrat|300|||||||\u00a0\u00bb body_font_size=\u00a0\u00bb17px\u00a0\u00bb body_line_height=\u00a0\u00bb1.8em\u00a0\u00bb animation_style=\u00a0\u00bbfade\u00a0\u00bb border_color_all_image=\u00a0\u00bb#\u00a0\u00bb global_colors_info=\u00a0\u00bb{}\u00a0\u00bb]<\/p>\n<p><strong><a href=\"https:\/\/www.mistercover.be\/big-fiesta\/\"><span style=\"color: #3366ff;\">BIG FIESTA\u00a0<\/span><\/a><\/strong><\/p>\n<p>[\/et_pb_blurb][et_pb_blurb title=\u00a0\u00bb01h00&Prime; use_icon=\u00a0\u00bbon\u00a0\u00bb font_icon=\u00a0\u00bb&#x39;||divi||400&Prime; icon_color=\u00a0\u00bb#3d8eff\u00a0\u00bb icon_placement=\u00a0\u00bbleft\u00a0\u00bb _builder_version=\u00a0\u00bb4.25.2&Prime; header_font=\u00a0\u00bbMontserrat|500|||||||\u00a0\u00bb header_line_height=\u00a0\u00bb1.8em\u00a0\u00bb body_font=\u00a0\u00bbMontserrat|300|||||||\u00a0\u00bb body_font_size=\u00a0\u00bb17px\u00a0\u00bb body_line_height=\u00a0\u00bb1.8em\u00a0\u00bb animation_style=\u00a0\u00bbfade\u00a0\u00bb border_color_all_image=\u00a0\u00bb#\u00a0\u00bb global_colors_info=\u00a0\u00bb{}\u00a0\u00bb]<\/p>\n<p><strong><a href=\"https:\/\/www.facebook.com\/deejaymimo\"><span style=\"color: #3366ff;\">DJ Mimo<\/span><\/a><\/strong><\/p>\n<p>[\/et_pb_blurb][et_pb_blurb title=\u00a0\u00bb02h30&Prime; use_icon=\u00a0\u00bbon\u00a0\u00bb font_icon=\u00a0\u00bb&#x39;||divi||400&Prime; icon_color=\u00a0\u00bb#3d8eff\u00a0\u00bb icon_placement=\u00a0\u00bbleft\u00a0\u00bb _builder_version=\u00a0\u00bb4.25.2&Prime; header_font=\u00a0\u00bbMontserrat|500|||||||\u00a0\u00bb header_line_height=\u00a0\u00bb1.8em\u00a0\u00bb body_font=\u00a0\u00bbMontserrat|300|||||||\u00a0\u00bb body_font_size=\u00a0\u00bb17px\u00a0\u00bb body_line_height=\u00a0\u00bb1.8em\u00a0\u00bb animation_style=\u00a0\u00bbfade\u00a0\u00bb border_color_all_image=\u00a0\u00bb#\u00a0\u00bb global_colors_info=\u00a0\u00bb{}\u00a0\u00bb]<\/p>\n<p><strong>Fin de soir\u00e9e<\/strong><\/p>\n<p>[\/et_pb_blurb][\/et_pb_column][\/et_pb_row][\/et_pb_section][et_pb_section fb_built=\u00a0\u00bb1&Prime; admin_label=\u00a0\u00bbHero\u00a0\u00bb module_id=\u00a0\u00bbsamedi\u00a0\u00bb _builder_version=\u00a0\u00bb4.24.3&Prime; background_image=\u00a0\u00bbhttps:\/\/bandasendelire.be\/wp-content\/uploads\/2020\/02\/DJI_0050.jpg\u00a0\u00bb background_position=\u00a0\u00bbbottom_center\u00a0\u00bb background_vertical_offset=\u00a0\u00bb63%\u00a0\u00bb width=\u00a0\u00bb100%\u00a0\u00bb module_alignment=\u00a0\u00bbcenter\u00a0\u00bb min_height=\u00a0\u00bb309px\u00a0\u00bb height=\u00a0\u00bb574px\u00a0\u00bb custom_margin=\u00a0\u00bb-16px||||false|false\u00a0\u00bb custom_padding=\u00a0\u00bb27px||106px||false|false\u00a0\u00bb bottom_divider_style=\u00a0\u00bbslant\u00a0\u00bb bottom_divider_color=\u00a0\u00bb#ffffff\u00a0\u00bb bottom_divider_flip=\u00a0\u00bbhorizontal\u00a0\u00bb animation_style=\u00a0\u00bbslide\u00a0\u00bb animation_direction=\u00a0\u00bbtop\u00a0\u00bb animation_intensity_slide=\u00a0\u00bb5%\u00a0\u00bb animation_starting_opacity=\u00a0\u00bb100%\u00a0\u00bb global_colors_info=\u00a0\u00bb{}\u00a0\u00bb background__hover_enabled=\u00a0\u00bbon|desktop\u00a0\u00bb][et_pb_row _builder_version=\u00a0\u00bb4.16&Prime; background_size=\u00a0\u00bbinitial\u00a0\u00bb background_position=\u00a0\u00bbtop_left\u00a0\u00bb background_repeat=\u00a0\u00bbrepeat\u00a0\u00bb custom_margin=\u00a0\u00bb134px|auto||auto||\u00a0\u00bb custom_padding=\u00a0\u00bb0px|0px|0px|0px||\u00a0\u00bb global_colors_info=\u00a0\u00bb{}\u00a0\u00bb][et_pb_column type=\u00a0\u00bb4_4&Prime; _builder_version=\u00a0\u00bb4.16&Prime; custom_padding=\u00a0\u00bb|||\u00a0\u00bb global_colors_info=\u00a0\u00bb{}\u00a0\u00bb custom_padding__hover=\u00a0\u00bb|||\u00a0\u00bb][et_pb_text admin_label=\u00a0\u00bbTitle\u00a0\u00bb _builder_version=\u00a0\u00bb4.25.2&Prime; text_font=\u00a0\u00bb||||||||\u00a0\u00bb header_font=\u00a0\u00bbMontserrat|600|||||||\u00a0\u00bb header_font_size=\u00a0\u00bb80px\u00a0\u00bb header_line_height=\u00a0\u00bb1.2em\u00a0\u00bb background_layout=\u00a0\u00bbdark\u00a0\u00bb custom_padding=\u00a0\u00bb0px||0px|||\u00a0\u00bb animation_style=\u00a0\u00bbzoom\u00a0\u00bb animation_direction=\u00a0\u00bbleft\u00a0\u00bb animation_intensity_zoom=\u00a0\u00bb10%\u00a0\u00bb header_font_size_tablet=\u00a0\u00bb\u00a0\u00bb header_font_size_phone=\u00a0\u00bb72px\u00a0\u00bb header_font_size_last_edited=\u00a0\u00bbon|phone\u00a0\u00bb global_colors_info=\u00a0\u00bb{}\u00a0\u00bb]<\/p>\n<h1><span style=\"font-size: xx-large;\">SAMEDI 2 AO\u00dbT<\/span><\/h1>\n<p>[\/et_pb_text][et_pb_text _builder_version=\u00a0\u00bb4.25.2&Prime; text_font=\u00a0\u00bbMontserrat|300|||||||\u00a0\u00bb text_font_size=\u00a0\u00bb20px\u00a0\u00bb text_line_height=\u00a0\u00bb1.8em\u00a0\u00bb background_layout=\u00a0\u00bbdark\u00a0\u00bb min_height=\u00a0\u00bb112px\u00a0\u00bb custom_margin=\u00a0\u00bb-94px|||||\u00a0\u00bb custom_padding=\u00a0\u00bb37px|||||\u00a0\u00bb animation_style=\u00a0\u00bbzoom\u00a0\u00bb animation_direction=\u00a0\u00bbleft\u00a0\u00bb animation_delay=\u00a0\u00bb100ms\u00a0\u00bb animation_intensity_zoom=\u00a0\u00bb10%\u00a0\u00bb global_colors_info=\u00a0\u00bb{}\u00a0\u00bb]<\/p>\n<p><strong>FESTIVAL DE BANDAS ET SOIREE<\/strong><br \/><strong>11 groupes venus de Belgique et France animent le vieux Dalhem suivi de D6bal et DJ Fumal<\/strong><\/p>\n<p>[\/et_pb_text][\/et_pb_column][\/et_pb_row][\/et_pb_section][et_pb_section fb_built=\u00a0\u00bb1&Prime; admin_label=\u00a0\u00bbSponsors\u00a0\u00bb _builder_version=\u00a0\u00bb4.25.2&Prime; max_width=\u00a0\u00bb100%\u00a0\u00bb module_alignment=\u00a0\u00bbcenter\u00a0\u00bb min_height=\u00a0\u00bb1556px\u00a0\u00bb custom_margin=\u00a0\u00bb0px|-7px|||false|false\u00a0\u00bb custom_padding=\u00a0\u00bb40px|0px|90px|40px|false|false\u00a0\u00bb global_colors_info=\u00a0\u00bb{}\u00a0\u00bb][et_pb_row _builder_version=\u00a0\u00bb4.25.2&Prime; width=\u00a0\u00bb100%\u00a0\u00bb max_width=\u00a0\u00bb2560px\u00a0\u00bb custom_margin=\u00a0\u00bb-2px|0px||auto|false|false\u00a0\u00bb custom_padding=\u00a0\u00bb|27px||0px|false|false\u00a0\u00bb global_colors_info=\u00a0\u00bb{}\u00a0\u00bb][et_pb_column type=\u00a0\u00bb4_4&Prime; _builder_version=\u00a0\u00bb4.16&Prime; global_colors_info=\u00a0\u00bb{}\u00a0\u00bb][et_pb_text admin_label=\u00a0\u00bbTitle\u00a0\u00bb _builder_version=\u00a0\u00bb4.25.2&Prime; text_font=\u00a0\u00bbMontserrat|300|||||||\u00a0\u00bb text_font_size=\u00a0\u00bb16px\u00a0\u00bb text_line_height=\u00a0\u00bb1.8em\u00a0\u00bb header_font=\u00a0\u00bb||||||||\u00a0\u00bb header_2_font=\u00a0\u00bbMontserrat|500|||||||\u00a0\u00bb header_2_text_align=\u00a0\u00bbcenter\u00a0\u00bb header_2_font_size=\u00a0\u00bb30px\u00a0\u00bb header_2_line_height=\u00a0\u00bb1.4em\u00a0\u00bb text_orientation=\u00a0\u00bbcenter\u00a0\u00bb max_width=\u00a0\u00bb688px\u00a0\u00bb module_alignment=\u00a0\u00bbcenter\u00a0\u00bb custom_margin=\u00a0\u00bb|134px||||\u00a0\u00bb custom_padding=\u00a0\u00bb|9px||||\u00a0\u00bb animation_direction=\u00a0\u00bbright\u00a0\u00bb global_colors_info=\u00a0\u00bb{}\u00a0\u00bb]<\/p>\n<h1>Samedi<b> 2 Ao\u00fbt<\/b><\/h1>\n<p><b><\/b><\/p>\n<p style=\"text-align: justify;\">Nous d\u00e9butons le festival appel\u00e9 \u00ab Bandas \u00bb.<\/p>\n<p style=\"text-align: justify;\">Les groupes envahissent la vieille ville de Dalhem et animent ses \u00ab vieux pav\u00e9s \u00bb. Nous vous proposons deux points d\u2019animation, le fameux \u00ab tournant \u00bb et chez \u00ab Ortegat \u00bb. L\u2019animation sera aussi assur\u00e9e dans la \u00ab prairie des vachettes \u00bb, un endroit mythique des 20 ann\u00e9es du festival international de \u00ab\u00a0<strong>Bandas de Dalhem<\/strong>\u00a0\u00bb.<\/p>\n<p style=\"text-align: justify;\">Les 11 groupes pr\u00e9sents proposeront des \u00ab styles \u00bb de musique diff\u00e9rents afin de ravir tous les go\u00fbts musicaux du public, de plus en plus nombreux chaque ann\u00e9e.<\/p>\n<p style=\"text-align: justify;\">Apr\u00e8s avoir mis tout le monde d&rsquo;accord lors de la pr\u00e9cedente \u00e9dition, on vous propose le groupe <b>D6bal<\/b> sur sc\u00e8ne le samedi vers 22h afin de faire monter encore un peu plus la temp\u00e9rature ! Groupe bien connu en terre Li\u00e8geoise pour mettre l&rsquo;ambiance avec son r\u00e9pertoire vari\u00e9 pour tous les gouts. On est heureux de les acceuillir une nouvelle fois \u00e0 Dalhem !<\/p>\n<p style=\"text-align: justify;\">Ensuite notre <strong>DJ<\/strong> national <strong>Pascal Fumal <\/strong>prendra le relais pour vous faire chanter et danser jusqu&rsquo;au bout de la nuit ! Merci pour ta fidelit\u00e9 Pascal !<\/p>\n<p style=\"text-align: justify;\">Bien \u00e9videmment, vous retrouverez des bars traditionnels, un large service catering, un village enfants, \u2026 Il y en aura pour tous les go\u00fbts et pour tous les \u00e2ges !<\/p>\n<p style=\"text-align: justify;\">Donc rendez-vous le samedi<strong> 2<\/strong><strong>\u00a0ao\u00fbt<\/strong>\u00a0\u00e0 Dalhem !<\/p>\n<p style=\"text-align: justify;\">Fin de soir\u00e9e pr\u00e9vue vers 2h30<\/p>\n<p>[\/et_pb_text][et_pb_button button_url=\u00a0\u00bbhttp:\/\/www.bandas-dalhem.be\u00a0\u00bb url_new_window=\u00a0\u00bbon\u00a0\u00bb button_text=\u00a0\u00bbPR\u00e9VENTES\u00a0\u00bb button_alignment=\u00a0\u00bbcenter\u00a0\u00bb disabled_on=\u00a0\u00bboff|off|off\u00a0\u00bb _builder_version=\u00a0\u00bb4.24.3&Prime; custom_button=\u00a0\u00bbon\u00a0\u00bb button_text_size=\u00a0\u00bb14px\u00a0\u00bb button_bg_color=\u00a0\u00bb#4866ff\u00a0\u00bb button_bg_use_color_gradient=\u00a0\u00bbon\u00a0\u00bb button_bg_color_gradient_direction=\u00a0\u00bb90deg\u00a0\u00bb button_bg_color_gradient_stops=\u00a0\u00bb#f5903a 0%|#fdbf3d 100%\u00a0\u00bb button_bg_color_gradient_start=\u00a0\u00bb#f5903a\u00a0\u00bb button_bg_color_gradient_end=\u00a0\u00bb#fdbf3d\u00a0\u00bb button_border_width=\u00a0\u00bb0px\u00a0\u00bb button_border_radius=\u00a0\u00bb50px\u00a0\u00bb button_font=\u00a0\u00bbMontserrat|500||on|||||\u00a0\u00bb button_use_icon=\u00a0\u00bboff\u00a0\u00bb background_layout=\u00a0\u00bbdark\u00a0\u00bb custom_padding=\u00a0\u00bb20px|45px|20px|45px\u00a0\u00bb animation_style=\u00a0\u00bbfade\u00a0\u00bb locked=\u00a0\u00bboff\u00a0\u00bb global_colors_info=\u00a0\u00bb{}\u00a0\u00bb button_text_size__hover_enabled=\u00a0\u00bboff\u00a0\u00bb button_one_text_size__hover_enabled=\u00a0\u00bboff\u00a0\u00bb button_two_text_size__hover_enabled=\u00a0\u00bboff\u00a0\u00bb button_text_color__hover_enabled=\u00a0\u00bboff\u00a0\u00bb button_one_text_color__hover_enabled=\u00a0\u00bboff\u00a0\u00bb button_two_text_color__hover_enabled=\u00a0\u00bboff\u00a0\u00bb button_border_width__hover_enabled=\u00a0\u00bboff\u00a0\u00bb button_one_border_width__hover_enabled=\u00a0\u00bboff\u00a0\u00bb button_two_border_width__hover_enabled=\u00a0\u00bboff\u00a0\u00bb button_border_color__hover_enabled=\u00a0\u00bboff\u00a0\u00bb button_one_border_color__hover_enabled=\u00a0\u00bboff\u00a0\u00bb button_two_border_color__hover_enabled=\u00a0\u00bboff\u00a0\u00bb button_border_radius__hover_enabled=\u00a0\u00bboff\u00a0\u00bb button_one_border_radius__hover_enabled=\u00a0\u00bboff\u00a0\u00bb button_two_border_radius__hover_enabled=\u00a0\u00bboff\u00a0\u00bb button_letter_spacing__hover_enabled=\u00a0\u00bboff\u00a0\u00bb button_one_letter_spacing__hover_enabled=\u00a0\u00bboff\u00a0\u00bb button_two_letter_spacing__hover_enabled=\u00a0\u00bboff\u00a0\u00bb button_bg_color__hover_enabled=\u00a0\u00bboff\u00a0\u00bb button_one_bg_color__hover_enabled=\u00a0\u00bboff\u00a0\u00bb button_two_bg_color__hover_enabled=\u00a0\u00bboff\u00a0\u00bb][\/et_pb_button][\/et_pb_column][\/et_pb_row][et_pb_row _builder_version=\u00a0\u00bb4.25.2&Prime; global_colors_info=\u00a0\u00bb{}\u00a0\u00bb][et_pb_column type=\u00a0\u00bb4_4&Prime; _builder_version=\u00a0\u00bb4.16&Prime; custom_padding=\u00a0\u00bb|||\u00a0\u00bb global_colors_info=\u00a0\u00bb{}\u00a0\u00bb custom_padding__hover=\u00a0\u00bb|||\u00a0\u00bb][et_pb_text admin_label=\u00a0\u00bbTitle\u00a0\u00bb _builder_version=\u00a0\u00bb4.25.2&Prime; text_font=\u00a0\u00bb||||||||\u00a0\u00bb header_font=\u00a0\u00bb||||||||\u00a0\u00bb header_2_font=\u00a0\u00bbMontserrat|500|||||||\u00a0\u00bb header_2_text_align=\u00a0\u00bbcenter\u00a0\u00bb header_2_font_size=\u00a0\u00bb30px\u00a0\u00bb header_2_line_height=\u00a0\u00bb1.4em\u00a0\u00bb custom_margin=\u00a0\u00bb||-2px|||\u00a0\u00bb animation_style=\u00a0\u00bbfade\u00a0\u00bb global_colors_info=\u00a0\u00bb{}\u00a0\u00bb]<\/p>\n<h2><strong>Horaires<\/strong><\/h2>\n<p>[\/et_pb_text][et_pb_text admin_label=\u00a0\u00bbSubtitle\u00a0\u00bb _builder_version=\u00a0\u00bb4.25.2&Prime; text_font=\u00a0\u00bbMontserrat|500||on|||||\u00a0\u00bb text_text_color=\u00a0\u00bbrgba(0,0,0,0.25)\u00a0\u00bb text_orientation=\u00a0\u00bbcenter\u00a0\u00bb animation_style=\u00a0\u00bbfade\u00a0\u00bb global_colors_info=\u00a0\u00bb{}\u00a0\u00bb]<\/p>\n<p>Samedi 02\/08<\/p>\n<p>[\/et_pb_text][\/et_pb_column][\/et_pb_row][et_pb_row column_structure=\u00a0\u00bb1_2,1_2&Prime; _builder_version=\u00a0\u00bb4.25.2&Prime; _module_preset=\u00a0\u00bbdefault\u00a0\u00bb module_alignment=\u00a0\u00bbcenter\u00a0\u00bb custom_padding=\u00a0\u00bb|40px||0px|false|false\u00a0\u00bb global_colors_info=\u00a0\u00bb{}\u00a0\u00bb][et_pb_column type=\u00a0\u00bb1_2&Prime; _builder_version=\u00a0\u00bb4.25.2&Prime; _module_preset=\u00a0\u00bbdefault\u00a0\u00bb global_colors_info=\u00a0\u00bb{}\u00a0\u00bb][et_pb_image src=\u00a0\u00bbhttps:\/\/bandasendelire.be\/wp-content\/uploads\/2025\/05\/D6bal.jpg\u00a0\u00bb title_text=\u00a0\u00bbD6bal\u00a0\u00bb _builder_version=\u00a0\u00bb4.25.2&Prime; _module_preset=\u00a0\u00bbdefault\u00a0\u00bb custom_margin=\u00a0\u00bb||31px|||\u00a0\u00bb global_colors_info=\u00a0\u00bb{}\u00a0\u00bb][\/et_pb_image][\/et_pb_column][et_pb_column type=\u00a0\u00bb1_2&Prime; _builder_version=\u00a0\u00bb4.25.2&Prime; _module_preset=\u00a0\u00bbdefault\u00a0\u00bb global_colors_info=\u00a0\u00bb{}\u00a0\u00bb][et_pb_image src=\u00a0\u00bbhttps:\/\/bandasendelire.be\/wp-content\/uploads\/2025\/05\/DJ-Fumal.jpg\u00a0\u00bb title_text=\u00a0\u00bbDJ Fumal\u00a0\u00bb _builder_version=\u00a0\u00bb4.25.2&Prime; _module_preset=\u00a0\u00bbdefault\u00a0\u00bb min_height=\u00a0\u00bb100px\u00a0\u00bb height=\u00a0\u00bb250px\u00a0\u00bb global_colors_info=\u00a0\u00bb{}\u00a0\u00bb][\/et_pb_image][\/et_pb_column][\/et_pb_row][et_pb_row _builder_version=\u00a0\u00bb4.25.2&Prime; module_alignment=\u00a0\u00bbcenter\u00a0\u00bb custom_margin=\u00a0\u00bb18px|41px||auto|false|false\u00a0\u00bb custom_padding=\u00a0\u00bb|9px|||false|false\u00a0\u00bb global_colors_info=\u00a0\u00bb{}\u00a0\u00bb][et_pb_column type=\u00a0\u00bb4_4&Prime; _builder_version=\u00a0\u00bb4.16&Prime; custom_padding=\u00a0\u00bb|||\u00a0\u00bb global_colors_info=\u00a0\u00bb{}\u00a0\u00bb custom_padding__hover=\u00a0\u00bb|||\u00a0\u00bb][et_pb_blurb title=\u00a0\u00bb14h00&Prime; use_icon=\u00a0\u00bbon\u00a0\u00bb font_icon=\u00a0\u00bb&#x39;||divi||400&Prime; icon_color=\u00a0\u00bb#3d8eff\u00a0\u00bb icon_placement=\u00a0\u00bbleft\u00a0\u00bb _builder_version=\u00a0\u00bb4.25.2&Prime; header_font=\u00a0\u00bbMontserrat|500|||||||\u00a0\u00bb header_line_height=\u00a0\u00bb1.8em\u00a0\u00bb body_font=\u00a0\u00bbMontserrat|300|||||||\u00a0\u00bb body_font_size=\u00a0\u00bb17px\u00a0\u00bb body_line_height=\u00a0\u00bb1.8em\u00a0\u00bb min_height=\u00a0\u00bb404px\u00a0\u00bb animation_style=\u00a0\u00bbfade\u00a0\u00bb border_color_all_image=\u00a0\u00bb#\u00a0\u00bb global_colors_info=\u00a0\u00bb{}\u00a0\u00bb]<\/p>\n<p class=\"p1\"><b>Festival de Bandas<\/b><\/p>\n<div dir=\"ltr\">\n<div class=\"\">\n<div class=\"\"><strong><span class=\"\"><strong><span class=\"vam flag-icon-spacing flag-icon flag-icon-fr\"><\/span>\u00a0<a href=\"https:\/\/www.facebook.com\/banda.loscampesinos\">Los Campesinos<\/a><\/strong><\/span><\/strong><br \/>\n<strong><span class=\"vam flag-icon-spacing flag-icon flag-icon-fr\"><\/span>\u00a0<a href=\"https:\/\/www.facebook.com\/Supersonicfanfare\">Supersonic Fanfare<\/a><br \/>\n<strong><a href=\"https:\/\/www.facebook.com\/bandapenakali\/\" target=\"_blank\" rel=\"noopener noreferrer\"><\/a><a href=\"https:\/\/www.facebook.com\/profile.php?id=61555360153323\" target=\"_blank\" rel=\"noopener noreferrer\"><span class=\"vam flag-icon-spacing flag-icon flag-icon-fr\"><\/span>\u00a0La B7<\/a><\/strong><\/strong><\/div>\n<div class=\"\"><strong><span class=\"vam flag-icon-spacing flag-icon flag-icon-be\"><\/span>\u00a0<a href=\"https:\/\/www.facebook.com\/BeatsandBrass\">Beats and Brass<\/a><\/strong><\/div>\n<div class=\"\"><a href=\"https:\/\/www.facebook.com\/people\/Bandas-de-Wattrelos\/100063544872475\/\"><strong><\/strong><span class=\"vam flag-icon-spacing flag-icon flag-icon-be\"><\/span><\/a>\u00a0<strong><a href=\"https:\/\/www.facebook.com\/profile.php?id=100063501851395\">Les Mineux d&rsquo;Aredje<\/a><\/strong><\/div>\n<div class=\"\"><strong><a href=\"https:\/\/www.facebook.com\/bandalesbiberons\" target=\"_blank\" rel=\"noopener noreferrer\"><span class=\"vam flag-icon-spacing flag-icon flag-icon-be\"><\/span>\u00a0<\/a><\/strong><strong><strong><a href=\"https:\/\/www.facebook.com\/La-Band-dHeure-580149972018163\">La Band d&rsquo;Heure<\/a><\/strong><a href=\"https:\/\/www.facebook.com\/BrassDelirium\"><\/a><br \/>\n<strong><a href=\"https:\/\/www.facebook.com\/musicagogohe.be\" target=\"_blank\" rel=\"noopener noreferrer\"><span class=\"vam flag-icon-spacing flag-icon flag-icon-be\"><\/span>\u00a0Musica Gogo H\u00e9<\/a>\n<\/div>\n<div class=\"\"><strong><strong><\/strong><\/strong><span class=\"vam flag-icon-spacing flag-icon flag-icon-be\"><\/span><strong><a href=\"https:\/\/www.facebook.com\/profile.php?id=100092516982223\">\u00a0The Loli Band<\/a><\/strong><\/div>\n<div class=\"\"><b><strong><a href=\"https:\/\/www.facebook.com\" target=\"_blank\" rel=\"noopener noreferrer\"><span class=\"vam flag-icon-spacing flag-icon flag-icon-be\"><\/span>\u00a0One Shot Disco<\/a><\/strong><\/b><\/div>\n<div class=\"\">\n<div class=\"\"><b><strong><a href=\"https:\/\/www.facebook.com\/BrassboxBand\" target=\"_blank\" rel=\"noopener noreferrer\"><span class=\"vam flag-icon-spacing flag-icon flag-icon-be\"><\/span>\u00a0Brassbox<\/a><\/strong><\/b><\/div>\n<\/div>\n<div class=\"\"><\/div>\n<\/div>\n<\/div>\n<div class=\"\"><b><strong><a href=\"https:\/\/www.facebook.com\/DTB.Dalhem\" target=\"_blank\" rel=\"noopener noreferrer\"><span class=\"vam flag-icon-spacing flag-icon flag-icon-be\"><\/span>\u00a0Delirium Tremens Band<\/a><\/strong><\/b><\/div>\n<p>[\/et_pb_blurb][et_pb_blurb title=\u00a0\u00bb22h00&Prime; use_icon=\u00a0\u00bbon\u00a0\u00bb font_icon=\u00a0\u00bb&#x39;||divi||400&Prime; icon_color=\u00a0\u00bb#3d8eff\u00a0\u00bb icon_placement=\u00a0\u00bbleft\u00a0\u00bb _builder_version=\u00a0\u00bb4.25.2&Prime; header_font=\u00a0\u00bbMontserrat|500|||||||\u00a0\u00bb header_line_height=\u00a0\u00bb1.8em\u00a0\u00bb body_font=\u00a0\u00bbMontserrat|300|||||||\u00a0\u00bb body_font_size=\u00a0\u00bb17px\u00a0\u00bb body_line_height=\u00a0\u00bb1.8em\u00a0\u00bb animation_style=\u00a0\u00bbfade\u00a0\u00bb border_color_all_image=\u00a0\u00bb#\u00a0\u00bb global_colors_info=\u00a0\u00bb{}\u00a0\u00bb]<\/p>\n<p class=\"p1\">Dans la prairie<br \/><span style=\"font-size: 17px;\">Soir\u00e9e dansante avec <span style=\"color: #3366ff;\"><strong><a href=\"https:\/\/www.facebook.com\/D6bal\" style=\"color: #3366ff;\">D6bal<\/a><\/strong><\/span><\/span><span style=\"font-size: 17px;\"><strong><br \/><\/strong><\/span><\/p>\n<p>[\/et_pb_blurb][et_pb_blurb title=\u00a0\u00bb01h00&Prime; use_icon=\u00a0\u00bbon\u00a0\u00bb font_icon=\u00a0\u00bb&#x39;||divi||400&Prime; icon_color=\u00a0\u00bb#3d8eff\u00a0\u00bb icon_placement=\u00a0\u00bbleft\u00a0\u00bb _builder_version=\u00a0\u00bb4.25.2&Prime; header_font=\u00a0\u00bbMontserrat|500|||||||\u00a0\u00bb header_line_height=\u00a0\u00bb1.8em\u00a0\u00bb body_font=\u00a0\u00bbMontserrat|300|||||||\u00a0\u00bb body_font_size=\u00a0\u00bb17px\u00a0\u00bb body_line_height=\u00a0\u00bb1.8em\u00a0\u00bb animation_style=\u00a0\u00bbfade\u00a0\u00bb border_color_all_image=\u00a0\u00bb#\u00a0\u00bb global_colors_info=\u00a0\u00bb{}\u00a0\u00bb]<\/p>\n<p class=\"p1\">Dans la prairie<br \/><span style=\"font-size: 17px;\">Soir\u00e9e dansante avec <span style=\"color: #3366ff;\"><strong><a href=\"https:\/\/www.facebook.com\/Fumalpascal\" style=\"color: #3366ff;\">DJ Fumal\u00a0<\/a><\/strong><\/span><\/span><span style=\"font-size: 17px;\"><strong><br \/><\/strong><\/span><\/p>\n<p>[\/et_pb_blurb][et_pb_blurb title=\u00a0\u00bb02h30&Prime; use_icon=\u00a0\u00bbon\u00a0\u00bb font_icon=\u00a0\u00bb&#x39;||divi||400&Prime; icon_color=\u00a0\u00bb#3d8eff\u00a0\u00bb icon_placement=\u00a0\u00bbleft\u00a0\u00bb _builder_version=\u00a0\u00bb4.25.2&Prime; header_font=\u00a0\u00bbMontserrat|500|||||||\u00a0\u00bb header_line_height=\u00a0\u00bb1.8em\u00a0\u00bb body_font=\u00a0\u00bbMontserrat|300|||||||\u00a0\u00bb body_font_size=\u00a0\u00bb17px\u00a0\u00bb body_line_height=\u00a0\u00bb1.8em\u00a0\u00bb animation_style=\u00a0\u00bbfade\u00a0\u00bb border_color_all_image=\u00a0\u00bb#\u00a0\u00bb global_colors_info=\u00a0\u00bb{}\u00a0\u00bb]<\/p>\n<p class=\"p1\"><span style=\"font-size: 17px;\"><strong>Fin de soir\u00e9e<\/strong><\/span><\/p>\n<p>[\/et_pb_blurb][\/et_pb_column][\/et_pb_row][\/et_pb_section][et_pb_section fb_built=\u00a0\u00bb1&Prime; admin_label=\u00a0\u00bbHero\u00a0\u00bb module_id=\u00a0\u00bbsamedi\u00a0\u00bb _builder_version=\u00a0\u00bb4.25.2&Prime; use_background_color_gradient=\u00a0\u00bbon\u00a0\u00bb background_color_gradient_stops=\u00a0\u00bb#000000 1%|rgba(255,255,255,0) 99%\u00a0\u00bb background_image=\u00a0\u00bbhttps:\/\/bandasendelire.be\/wp-content\/uploads\/2020\/02\/13912591_10208427829406337_3878106757568736533_n.jpg\u00a0\u00bb background_position=\u00a0\u00bbtop_center\u00a0\u00bb background_vertical_offset=\u00a0\u00bb27%\u00a0\u00bb background_blend=\u00a0\u00bbscreen\u00a0\u00bb custom_margin=\u00a0\u00bb|||\u00a0\u00bb custom_padding=\u00a0\u00bb9px||106px|||\u00a0\u00bb filter_saturate=\u00a0\u00bb0%\u00a0\u00bb bottom_divider_style=\u00a0\u00bbarrow\u00a0\u00bb bottom_divider_color=\u00a0\u00bb#ffffff\u00a0\u00bb bottom_divider_flip=\u00a0\u00bbhorizontal\u00a0\u00bb animation_style=\u00a0\u00bbslide\u00a0\u00bb animation_direction=\u00a0\u00bbtop\u00a0\u00bb animation_intensity_slide=\u00a0\u00bb5%\u00a0\u00bb animation_starting_opacity=\u00a0\u00bb100%\u00a0\u00bb global_colors_info=\u00a0\u00bb{}\u00a0\u00bb][et_pb_row _builder_version=\u00a0\u00bb4.16&Prime; background_size=\u00a0\u00bbinitial\u00a0\u00bb background_position=\u00a0\u00bbtop_left\u00a0\u00bb background_repeat=\u00a0\u00bbrepeat\u00a0\u00bb custom_margin=\u00a0\u00bb134px|auto||auto||\u00a0\u00bb custom_padding=\u00a0\u00bb27px|0px|0px|0px\u00a0\u00bb global_colors_info=\u00a0\u00bb{}\u00a0\u00bb][et_pb_column type=\u00a0\u00bb4_4&Prime; _builder_version=\u00a0\u00bb4.16&Prime; custom_padding=\u00a0\u00bb|||\u00a0\u00bb global_colors_info=\u00a0\u00bb{}\u00a0\u00bb custom_padding__hover=\u00a0\u00bb|||\u00a0\u00bb][et_pb_text admin_label=\u00a0\u00bbTitle\u00a0\u00bb _builder_version=\u00a0\u00bb4.25.2&Prime; text_font=\u00a0\u00bb||||||||\u00a0\u00bb header_font=\u00a0\u00bbMontserrat|600|||||||\u00a0\u00bb header_font_size=\u00a0\u00bb80px\u00a0\u00bb header_line_height=\u00a0\u00bb1.2em\u00a0\u00bb background_layout=\u00a0\u00bbdark\u00a0\u00bb animation_style=\u00a0\u00bbzoom\u00a0\u00bb animation_direction=\u00a0\u00bbleft\u00a0\u00bb animation_intensity_zoom=\u00a0\u00bb10%\u00a0\u00bb header_font_size_tablet=\u00a0\u00bb\u00a0\u00bb header_font_size_phone=\u00a0\u00bb72px\u00a0\u00bb header_font_size_last_edited=\u00a0\u00bbon|phone\u00a0\u00bb global_colors_info=\u00a0\u00bb{}\u00a0\u00bb]<\/p>\n<h1><span style=\"color: #000000; font-size: xx-large;\">DIMANCHE 3 AO\u00dbT<\/span><\/h1>\n<p>[\/et_pb_text][et_pb_text _builder_version=\u00a0\u00bb4.25.2&Prime; text_font=\u00a0\u00bbMontserrat|300|||||||\u00a0\u00bb text_font_size=\u00a0\u00bb20px\u00a0\u00bb text_line_height=\u00a0\u00bb1.8em\u00a0\u00bb background_layout=\u00a0\u00bbdark\u00a0\u00bb animation_style=\u00a0\u00bbzoom\u00a0\u00bb animation_direction=\u00a0\u00bbleft\u00a0\u00bb animation_delay=\u00a0\u00bb100ms\u00a0\u00bb animation_intensity_zoom=\u00a0\u00bb10%\u00a0\u00bb hover_enabled=\u00a0\u00bb0&Prime; global_colors_info=\u00a0\u00bb{}\u00a0\u00bb sticky_enabled=\u00a0\u00bb0&Prime;]<\/p>\n<p><b>FESTIVAL DE BANDAS<\/b><\/p>\n<p><span style=\"color: #ffffff;\"><strong>Reprise des animations musicales BANDAS dans le vieux Dalhem<\/strong><\/span><\/p>\n<p><span style=\"color: #ffffff;\"><strong>Concert de cl\u00f4ture par <span style=\"text-decoration: underline;\">DMA BAND<\/span><\/strong><\/span><\/p>\n<p>[\/et_pb_text][\/et_pb_column][\/et_pb_row][\/et_pb_section][et_pb_section fb_built=\u00a0\u00bb1&Prime; admin_label=\u00a0\u00bbSponsors\u00a0\u00bb _builder_version=\u00a0\u00bb4.16&Prime; min_height=\u00a0\u00bb966px\u00a0\u00bb custom_margin=\u00a0\u00bb-1px|||||\u00a0\u00bb custom_padding=\u00a0\u00bb54px|0px|90px|0px\u00a0\u00bb global_colors_info=\u00a0\u00bb{}\u00a0\u00bb][et_pb_row _builder_version=\u00a0\u00bb4.25.2&Prime; module_alignment=\u00a0\u00bbcenter\u00a0\u00bb custom_margin=\u00a0\u00bb-2px|auto||44px|false|false\u00a0\u00bb global_colors_info=\u00a0\u00bb{}\u00a0\u00bb][et_pb_column type=\u00a0\u00bb4_4&Prime; _builder_version=\u00a0\u00bb4.16&Prime; global_colors_info=\u00a0\u00bb{}\u00a0\u00bb][et_pb_text admin_label=\u00a0\u00bbTitle\u00a0\u00bb _builder_version=\u00a0\u00bb4.25.2&Prime; text_font=\u00a0\u00bbMontserrat|300|||||||\u00a0\u00bb text_font_size=\u00a0\u00bb16px\u00a0\u00bb text_line_height=\u00a0\u00bb1.8em\u00a0\u00bb header_font=\u00a0\u00bb||||||||\u00a0\u00bb header_2_font=\u00a0\u00bbMontserrat|500|||||||\u00a0\u00bb header_2_text_align=\u00a0\u00bbcenter\u00a0\u00bb header_2_font_size=\u00a0\u00bb30px\u00a0\u00bb header_2_line_height=\u00a0\u00bb1.4em\u00a0\u00bb text_orientation=\u00a0\u00bbcenter\u00a0\u00bb max_width=\u00a0\u00bb688px\u00a0\u00bb module_alignment=\u00a0\u00bbcenter\u00a0\u00bb custom_margin=\u00a0\u00bb|134px||||\u00a0\u00bb custom_padding=\u00a0\u00bb|9px||||\u00a0\u00bb animation_direction=\u00a0\u00bbright\u00a0\u00bb global_colors_info=\u00a0\u00bb{}\u00a0\u00bb]<\/p>\n<p><b>Dimanche 3 Ao\u00fbt<\/b><\/p>\n<p>&nbsp;<\/p>\n<p style=\"text-align: justify;\">Apr\u00e8s une bonne nuit de sommeil, place au festival et cette ambiance festive que nous adorons tous, l\u2019ambiance <strong>Bandas<\/strong>\u00a0!<\/p>\n<p style=\"text-align: justify;\">L&rsquo;Acad\u00e9mie Royale C\u00e9sar Franck sera pr\u00e9sente \u00e0 nouveau pour permettre aux petits et grands d&rsquo;initier cet art que nous aimons tous !<\/p>\n<p style=\"text-align: justify;\">Pour cl\u00f4turer cette \u00e9dition 2025, nous aurons le plaisir de vous proposer en concert :\u00a0 le <strong>DMA Band<\/strong> ! Ce groupe qui fait fureur partout ou il passe, souffle cette ann\u00e9e ces 30 bougies ! C&rsquo;est donc \u00e0 cette occasion que nous voulons les mettre en valeur et f\u00eater cela avec eux !!<\/p>\n<p>&nbsp;<\/p>\n<p>[\/et_pb_text][et_pb_button button_url=\u00a0\u00bbhttp:\/\/www.bandas-dalhem.be\u00a0\u00bb url_new_window=\u00a0\u00bbon\u00a0\u00bb button_text=\u00a0\u00bbPR\u00e9VENTES\u00a0\u00bb button_alignment=\u00a0\u00bbcenter\u00a0\u00bb disabled_on=\u00a0\u00bboff|off|off\u00a0\u00bb _builder_version=\u00a0\u00bb4.24.3&Prime; custom_button=\u00a0\u00bbon\u00a0\u00bb button_text_size=\u00a0\u00bb14px\u00a0\u00bb button_bg_color=\u00a0\u00bb#4866ff\u00a0\u00bb button_bg_use_color_gradient=\u00a0\u00bbon\u00a0\u00bb button_bg_color_gradient_direction=\u00a0\u00bb90deg\u00a0\u00bb button_bg_color_gradient_stops=\u00a0\u00bb#f5903a 0%|#fdbf3d 100%\u00a0\u00bb button_bg_color_gradient_start=\u00a0\u00bb#f5903a\u00a0\u00bb button_bg_color_gradient_end=\u00a0\u00bb#fdbf3d\u00a0\u00bb button_border_width=\u00a0\u00bb0px\u00a0\u00bb button_border_radius=\u00a0\u00bb50px\u00a0\u00bb button_font=\u00a0\u00bbMontserrat|500||on|||||\u00a0\u00bb button_use_icon=\u00a0\u00bboff\u00a0\u00bb background_layout=\u00a0\u00bbdark\u00a0\u00bb custom_padding=\u00a0\u00bb20px|45px|20px|45px\u00a0\u00bb animation_style=\u00a0\u00bbfade\u00a0\u00bb locked=\u00a0\u00bboff\u00a0\u00bb global_colors_info=\u00a0\u00bb{}\u00a0\u00bb button_text_size__hover_enabled=\u00a0\u00bboff\u00a0\u00bb button_one_text_size__hover_enabled=\u00a0\u00bboff\u00a0\u00bb button_two_text_size__hover_enabled=\u00a0\u00bboff\u00a0\u00bb button_text_color__hover_enabled=\u00a0\u00bboff\u00a0\u00bb button_one_text_color__hover_enabled=\u00a0\u00bboff\u00a0\u00bb button_two_text_color__hover_enabled=\u00a0\u00bboff\u00a0\u00bb button_border_width__hover_enabled=\u00a0\u00bboff\u00a0\u00bb button_one_border_width__hover_enabled=\u00a0\u00bboff\u00a0\u00bb button_two_border_width__hover_enabled=\u00a0\u00bboff\u00a0\u00bb button_border_color__hover_enabled=\u00a0\u00bboff\u00a0\u00bb button_one_border_color__hover_enabled=\u00a0\u00bboff\u00a0\u00bb button_two_border_color__hover_enabled=\u00a0\u00bboff\u00a0\u00bb button_border_radius__hover_enabled=\u00a0\u00bboff\u00a0\u00bb button_one_border_radius__hover_enabled=\u00a0\u00bboff\u00a0\u00bb button_two_border_radius__hover_enabled=\u00a0\u00bboff\u00a0\u00bb button_letter_spacing__hover_enabled=\u00a0\u00bboff\u00a0\u00bb button_one_letter_spacing__hover_enabled=\u00a0\u00bboff\u00a0\u00bb button_two_letter_spacing__hover_enabled=\u00a0\u00bboff\u00a0\u00bb button_bg_color__hover_enabled=\u00a0\u00bboff\u00a0\u00bb button_one_bg_color__hover_enabled=\u00a0\u00bboff\u00a0\u00bb button_two_bg_color__hover_enabled=\u00a0\u00bboff\u00a0\u00bb][\/et_pb_button][\/et_pb_column][\/et_pb_row][et_pb_row _builder_version=\u00a0\u00bb4.25.2&Prime; custom_margin=\u00a0\u00bb|-3px||72px|false|false\u00a0\u00bb global_colors_info=\u00a0\u00bb{}\u00a0\u00bb][et_pb_column type=\u00a0\u00bb4_4&Prime; _builder_version=\u00a0\u00bb4.16&Prime; custom_padding=\u00a0\u00bb|||\u00a0\u00bb global_colors_info=\u00a0\u00bb{}\u00a0\u00bb custom_padding__hover=\u00a0\u00bb|||\u00a0\u00bb][et_pb_text admin_label=\u00a0\u00bbTitle\u00a0\u00bb _builder_version=\u00a0\u00bb4.16&Prime; text_font=\u00a0\u00bb||||||||\u00a0\u00bb header_font=\u00a0\u00bb||||||||\u00a0\u00bb header_2_font=\u00a0\u00bbMontserrat|500|||||||\u00a0\u00bb header_2_text_align=\u00a0\u00bbcenter\u00a0\u00bb header_2_font_size=\u00a0\u00bb30px\u00a0\u00bb header_2_line_height=\u00a0\u00bb1.4em\u00a0\u00bb custom_margin=\u00a0\u00bb||-2px|||\u00a0\u00bb animation_style=\u00a0\u00bbfade\u00a0\u00bb global_colors_info=\u00a0\u00bb{}\u00a0\u00bb]<\/p>\n<h2><strong>Horaires<\/strong><\/h2>\n<p>[\/et_pb_text][et_pb_text admin_label=\u00a0\u00bbSubtitle\u00a0\u00bb _builder_version=\u00a0\u00bb4.25.2&Prime; text_font=\u00a0\u00bbMontserrat|500||on|||||\u00a0\u00bb text_text_color=\u00a0\u00bbrgba(0,0,0,0.25)\u00a0\u00bb text_orientation=\u00a0\u00bbcenter\u00a0\u00bb animation_style=\u00a0\u00bbfade\u00a0\u00bb global_colors_info=\u00a0\u00bb{}\u00a0\u00bb]<\/p>\n<p>Dimanche 03\/08<\/p>\n<p>[\/et_pb_text][\/et_pb_column][\/et_pb_row][et_pb_row _builder_version=\u00a0\u00bb4.16&Prime; custom_margin=\u00a0\u00bb18px|auto||auto||\u00a0\u00bb global_colors_info=\u00a0\u00bb{}\u00a0\u00bb][et_pb_column type=\u00a0\u00bb4_4&Prime; _builder_version=\u00a0\u00bb4.16&Prime; custom_padding=\u00a0\u00bb|||\u00a0\u00bb global_colors_info=\u00a0\u00bb{}\u00a0\u00bb custom_padding__hover=\u00a0\u00bb|||\u00a0\u00bb][et_pb_blurb title=\u00a0\u00bb14h00&Prime; use_icon=\u00a0\u00bbon\u00a0\u00bb font_icon=\u00a0\u00bb&#x39;||divi||400&Prime; icon_color=\u00a0\u00bb#3d8eff\u00a0\u00bb icon_placement=\u00a0\u00bbleft\u00a0\u00bb _builder_version=\u00a0\u00bb4.25.2&Prime; header_font=\u00a0\u00bbMontserrat|500|||||||\u00a0\u00bb header_line_height=\u00a0\u00bb1.8em\u00a0\u00bb body_font=\u00a0\u00bbMontserrat|300|||||||\u00a0\u00bb body_font_size=\u00a0\u00bb17px\u00a0\u00bb body_line_height=\u00a0\u00bb1.8em\u00a0\u00bb min_height=\u00a0\u00bb404px\u00a0\u00bb custom_margin=\u00a0\u00bb-44px|||||\u00a0\u00bb animation_style=\u00a0\u00bbfade\u00a0\u00bb hover_enabled=\u00a0\u00bb0&Prime; border_color_all_image=\u00a0\u00bb#\u00a0\u00bb global_colors_info=\u00a0\u00bb{}\u00a0\u00bb sticky_enabled=\u00a0\u00bb0&Prime;]<\/p>\n<p class=\"p1\"><b>Festival de Bandas<\/b><\/p>\n<div dir=\"ltr\">\n<div class=\"\">\n<div class=\"\"><strong><span class=\"\"><strong><span class=\"vam flag-icon-spacing flag-icon flag-icon-fr\"><\/span>\u00a0<a href=\"https:\/\/www.facebook.com\/banda.loscampesinos\">Los Campesinos<\/a><\/strong><\/span><\/strong><br \/><strong><span class=\"vam flag-icon-spacing flag-icon flag-icon-fr\"><\/span>\u00a0<a href=\"https:\/\/www.facebook.com\/Supersonicfanfare\">Supersonic Fanfare<\/a><br \/><strong><a href=\"https:\/\/www.facebook.com\/bandapenakali\/\" target=\"_blank\" rel=\"noopener noreferrer\"><\/a><a href=\"https:\/\/www.facebook.com\/profile.php?id=61555360153323\" target=\"_blank\" rel=\"noopener noreferrer\"><span class=\"vam flag-icon-spacing flag-icon flag-icon-fr\"><\/span>\u00a0La B7<\/a><\/strong><\/strong><\/div>\n<div class=\"\"><strong><strong> <\/strong><\/strong><strong><strong><\/strong><\/strong><strong><a href=\"https:\/\/www.facebook.com\/profile.php?id=100094005529640\" target=\"_blank\" rel=\"noopener noreferrer\"><span class=\"vam flag-icon-spacing flag-icon flag-icon-be\"><\/span>\u00a0Night Owl Street<\/a><a href=\"https:\/\/www.facebook.com\/lesinsupp\" target=\"_blank\" rel=\"noopener noreferrer\"><\/a><\/strong><\/div>\n<div class=\"\"><strong><a href=\"https:\/\/www.facebook.com\/BeatsandBrass\" target=\"_blank\" rel=\"noopener noreferrer\"><span class=\"vam flag-icon-spacing flag-icon flag-icon-be\"><\/span>\u00a0Beats and Brass<\/a><\/strong><strong><strong><\/strong><a href=\"https:\/\/www.facebook.com\/BrassDelirium\"><\/a><br \/><strong><a href=\"https:\/\/www.facebook.com\/straatbazaar\" target=\"_blank\" rel=\"noopener noreferrer\"><span class=\"vam flag-icon-spacing flag-icon flag-icon-be\"><\/span>\u00a0Straat Bazaar Orchestra<\/a><a href=\"https:\/\/www.facebook.com\/7brass\" target=\"_blank\" rel=\"noopener noreferrer\"><\/a><br \/><a href=\"https:\/\/www.facebook.com\/profile.php?id=100069255255275\"><span class=\"vam flag-icon-spacing flag-icon flag-icon-be\"><\/span> <span>Sambalou<\/span><\/a><br \/><\/strong><\/strong><\/div>\n<div class=\"\"><\/div>\n<div class=\"\"><\/div>\n<\/div>\n<\/div>\n<div class=\"\"><strong><strong><\/strong><\/strong><span class=\"vam flag-icon-spacing flag-icon flag-icon-be\"><\/span><strong><a href=\"https:\/\/www.facebook.com\/profile.php?id=100092516982223\">\u00a0The Loli Band<\/a><\/strong><\/div>\n<p><strong style=\"font-size: 17px;\"><\/strong><a href=\"https:\/\/www.facebook.com\/www.toeternietoe.richard\" target=\"_blank\" rel=\"noopener noreferrer\"><span class=\"vam flag-icon-spacing flag-icon flag-icon-be\"><\/span> <strong>Toeternietoe<\/strong><\/a><\/p>\n<p>[\/et_pb_blurb][et_pb_blurb title=\u00a0\u00bb20h00&Prime; use_icon=\u00a0\u00bbon\u00a0\u00bb font_icon=\u00a0\u00bb&#x39;||divi||400&Prime; icon_color=\u00a0\u00bb#3d8eff\u00a0\u00bb icon_placement=\u00a0\u00bbleft\u00a0\u00bb _builder_version=\u00a0\u00bb4.25.2&Prime; header_font=\u00a0\u00bbMontserrat|500|||||||\u00a0\u00bb header_line_height=\u00a0\u00bb1.8em\u00a0\u00bb body_font=\u00a0\u00bbMontserrat|300|||||||\u00a0\u00bb body_font_size=\u00a0\u00bb17px\u00a0\u00bb body_line_height=\u00a0\u00bb1.8em\u00a0\u00bb animation_style=\u00a0\u00bbfade\u00a0\u00bb border_color_all_image=\u00a0\u00bb#\u00a0\u00bb global_colors_info=\u00a0\u00bb{}\u00a0\u00bb]<\/p>\n<p><span class=\"flag-icon flag-icon-be\"><\/span> <a href=\"https:\/\/www.facebook.com\/DmaBandFanPage\"><strong style=\"font-size: 17px;\">DMA Band <\/strong><\/a>en concert dans la prairie<\/p>\n<p>[\/et_pb_blurb][et_pb_blurb title=\u00a0\u00bb21h30&Prime; use_icon=\u00a0\u00bbon\u00a0\u00bb font_icon=\u00a0\u00bb&#x39;||divi||400&Prime; icon_color=\u00a0\u00bb#3d8eff\u00a0\u00bb icon_placement=\u00a0\u00bbleft\u00a0\u00bb _builder_version=\u00a0\u00bb4.25.2&Prime; header_font=\u00a0\u00bbMontserrat|500|||||||\u00a0\u00bb header_line_height=\u00a0\u00bb1.8em\u00a0\u00bb body_font=\u00a0\u00bbMontserrat|300|||||||\u00a0\u00bb body_font_size=\u00a0\u00bb17px\u00a0\u00bb body_line_height=\u00a0\u00bb1.8em\u00a0\u00bb animation_style=\u00a0\u00bbfade\u00a0\u00bb border_color_all_image=\u00a0\u00bb#\u00a0\u00bb global_colors_info=\u00a0\u00bb{}\u00a0\u00bb]<\/p>\n<p class=\"p1\"><span style=\"font-size: 17px;\"><strong>Fin de soir\u00e9e<\/strong><\/span><\/p>\n<p>[\/et_pb_blurb][\/et_pb_column][\/et_pb_row][\/et_pb_section]<\/p>\n","protected":false},"excerpt":{"rendered":"<p>JEUDI 31 JuilletCORRIDA des Bandas Jogging \u00e0 travers la commune de Dalhem CONCERTSLes Putchers et Delirium Tremens BandJeudi 31 juillet Pour bien d\u00e9marrer le festival et se mettre en forme, nous avons d\u00e9cid\u00e9 d&rsquo;organiser la Corrida des Bandas pour l&rsquo;ouverture du festival. Une course \u00e0 pied avec des parcours de 7 et 10 km qui [&hellip;]<\/p>\n","protected":false},"author":2,"featured_media":0,"parent":0,"menu_order":0,"comment_status":"closed","ping_status":"closed","template":"","meta":{"_et_pb_use_builder":"on","_et_pb_old_content":"","_et_gb_content_width":"","footnotes":""},"jetpack_sharing_enabled":true,"_links":{"self":[{"href":"https:\/\/bandasendelire.be\/index.php?rest_route=\/wp\/v2\/pages\/586"}],"collection":[{"href":"https:\/\/bandasendelire.be\/index.php?rest_route=\/wp\/v2\/pages"}],"about":[{"href":"https:\/\/bandasendelire.be\/index.php?rest_route=\/wp\/v2\/types\/page"}],"author":[{"embeddable":true,"href":"https:\/\/bandasendelire.be\/index.php?rest_route=\/wp\/v2\/users\/2"}],"replies":[{"embeddable":true,"href":"https:\/\/bandasendelire.be\/index.php?rest_route=%2Fwp%2Fv2%2Fcomments&post=586"}],"version-history":[{"count":206,"href":"https:\/\/bandasendelire.be\/index.php?rest_route=\/wp\/v2\/pages\/586\/revisions"}],"predecessor-version":[{"id":1214,"href":"https:\/\/bandasendelire.be\/index.php?rest_route=\/wp\/v2\/pages\/586\/revisions\/1214"}],"wp:attachment":[{"href":"https:\/\/bandasendelire.be\/index.php?rest_route=%2Fwp%2Fv2%2Fmedia&parent=586"}],"curies":[{"name":"wp","href":"https:\/\/api.w.org\/{rel}","templated":true}]}}